{"id":822,"date":"2024-04-30T12:14:39","date_gmt":"2024-04-30T10:14:39","guid":{"rendered":"https:\/\/rapport.hopitalvs.ch\/?page_id=822"},"modified":"2024-05-28T11:48:00","modified_gmt":"2024-05-28T09:48:00","slug":"geschaeftsbericht-2023","status":"publish","type":"page","link":"https:\/\/rapport.hopitalvs.ch\/de\/geschaeftsbericht-2023\/","title":{"rendered":"GESCH\u00c4FTSBERICHT 2023"},"content":{"rendered":"<p>[et_pb_section fb_built=&#8221;1&#8243; prev_background_color=&#8221;#ffffff&#8221; _builder_version=&#8221;4.25.0&#8243; _module_preset=&#8221;default&#8221; background_image=&#8221;https:\/\/rapport.hopitalvs.ch\/wp-content\/uploads\/2024\/04\/20230425-op-huber-fgo-1.jpg&#8221; background_position=&#8221;top_left&#8221; background_vertical_offset=&#8221;45%&#8221; width=&#8221;100%&#8221; overflow-x=&#8221;hidden&#8221; custom_margin=&#8221;0px||||false|false&#8221; custom_padding=&#8221;253px||0px||false|false&#8221; top_divider_style=&#8221;slant&#8221; top_divider_height=&#8221;165px&#8221; top_divider_repeat=&#8221;0x&#8221; bottom_divider_style=&#8221;slant&#8221; bottom_divider_color=&#8221;#E02B20&#8243; bottom_divider_height=&#8221;150px&#8221; motion_trigger_start=&#8221;top&#8221; global_colors_info=&#8221;{}&#8221;][et_pb_row make_equal=&#8221;on&#8221; _builder_version=&#8221;4.16&#8243; _module_preset=&#8221;default&#8221; background_enable_image=&#8221;off&#8221; width=&#8221;100%&#8221; max_width=&#8221;100%&#8221; module_alignment=&#8221;left&#8221; custom_padding=&#8221;||||false|false&#8221; global_colors_info=&#8221;{}&#8221;][et_pb_column type=&#8221;4_4&#8243; _builder_version=&#8221;4.16&#8243; _module_preset=&#8221;default&#8221; global_colors_info=&#8221;{}&#8221;][et_pb_text module_class=&#8221;maintitle&#8221; _builder_version=&#8221;4.25.0&#8243; _module_preset=&#8221;default&#8221; text_font_size=&#8221;56px&#8221; header_font=&#8221;Titillium Web|||on|||||&#8221; header_text_align=&#8221;left&#8221; header_2_text_align=&#8221;left&#8221; text_orientation=&#8221;center&#8221; background_layout=&#8221;dark&#8221; module_alignment=&#8221;left&#8221; custom_margin=&#8221;||6em|40%|false|false&#8221; custom_margin_tablet=&#8221;|||20%|false|false&#8221; custom_margin_phone=&#8221;|||10%|false|false&#8221; custom_margin_last_edited=&#8221;on|phone&#8221; header_font_size_tablet=&#8221;40px&#8221; header_font_size_phone=&#8221;30px&#8221; header_font_size_last_edited=&#8221;on|tablet&#8221; header_2_font_size_tablet=&#8221;40px&#8221; header_2_font_size_phone=&#8221;30px&#8221; header_2_font_size_last_edited=&#8221;on|phone&#8221; header_text_shadow_style=&#8221;preset3&#8243; global_colors_info=&#8221;{}&#8221;]<\/p>\n<h1>GESCH\u00c4FTSBERICHT<\/h1>\n<h2><span style=\"color: #e02b20;\">2023<\/span><\/h2>\n<p>[\/et_pb_text][\/et_pb_column][\/et_pb_row][et_pb_row _builder_version=&#8221;4.21.0&#8243; _module_preset=&#8221;default&#8221; width=&#8221;100%&#8221; max_width=&#8221;2351px&#8221; module_alignment=&#8221;left&#8221; custom_margin=&#8221;||||false|false&#8221; custom_padding=&#8221;|||0em|false|false&#8221; scroll_horizontal_motion=&#8221;0|50|50|100|0|0|2&#8243; global_colors_info=&#8221;{}&#8221;][et_pb_column type=&#8221;4_4&#8243; _builder_version=&#8221;4.21.0&#8243; _module_preset=&#8221;default&#8221; transform_scale=&#8221;110%|110%&#8221; transform_translate=&#8221;-373px|-143px&#8221; custom_padding=&#8221;|||0px|false|false&#8221; scroll_horizontal_motion_enable=&#8221;on&#8221; scroll_horizontal_motion=&#8221;0|7|7|100|0|0|1&#8243; scroll_fade_enable=&#8221;on&#8221; global_colors_info=&#8221;{}&#8221;][\/et_pb_column][\/et_pb_row][\/et_pb_section][et_pb_section fb_built=&#8221;1&#8243; module_id=&#8221;introduction&#8221; _builder_version=&#8221;4.21.0&#8243; _module_preset=&#8221;default&#8221; background_color=&#8221;#E02B20&#8243; width=&#8221;100%&#8221; module_alignment=&#8221;center&#8221; custom_margin=&#8221;0px|0px|0px|0px|false|false&#8221; custom_padding=&#8221;20px|0px|0px|0px|false|false&#8221; global_colors_info=&#8221;{}&#8221;][et_pb_row make_equal=&#8221;on&#8221; _builder_version=&#8221;4.16&#8243; _module_preset=&#8221;default&#8221; width=&#8221;100%&#8221; max_width=&#8221;90%&#8221; global_colors_info=&#8221;{}&#8221;][et_pb_column type=&#8221;4_4&#8243; _builder_version=&#8221;4.16&#8243; _module_preset=&#8221;default&#8221; global_colors_info=&#8221;{}&#8221;][et_pb_text _builder_version=&#8221;4.16&#8243; _module_preset=&#8221;default&#8221; text_font=&#8221;|||on|||||&#8221; text_text_color=&#8221;#FFFFFF&#8221; background_enable_color=&#8221;off&#8221; background_layout=&#8221;dark&#8221; global_colors_info=&#8221;{}&#8221;]<\/p>\n<h1>EINLEITUNG<\/h1>\n<p>[\/et_pb_text][\/et_pb_column][\/et_pb_row][et_pb_row column_structure=&#8221;1_2,1_2&#8243; make_equal=&#8221;on&#8221; _builder_version=&#8221;4.16&#8243; _module_preset=&#8221;default&#8221; width=&#8221;100%&#8221; max_width=&#8221;90%&#8221; custom_margin=&#8221;0px||0px||false|false&#8221; custom_padding=&#8221;0px||0px||false|false&#8221; global_colors_info=&#8221;{}&#8221;][et_pb_column type=&#8221;1_2&#8243; _builder_version=&#8221;4.16&#8243; _module_preset=&#8221;default&#8221; global_colors_info=&#8221;{}&#8221;][et_pb_text _builder_version=&#8221;4.25.0&#8243; _module_preset=&#8221;default&#8221; text_text_color=&#8221;#FFFFFF&#8221; text_font_size=&#8221;17px&#8221; text_orientation=&#8221;justified&#8221; global_colors_info=&#8221;{}&#8221;]<\/p>\n<p><span>Nach einem Jahr 2022, das wir damals als \u00abWendepunkt zwischen dem Erbe von COVID-19 und den neuen Herausforderungen\u00bb bezeichnet hatten, konnte das Spital Wallis im Gesch\u00e4ftsjahr 2023 einige dieser Herausforderungen bew\u00e4ltigen und gleichzeitig die Zukunft in einem insbesondere in finanzieller Hinsicht schwierigen Umfeld vorbereiten.<\/span><\/p>\n<p><span>Im Anschluss an die COVID-Jahre wurde dem Spital Wallis eine wichtige Verantwortung \u00fcbertragen, um die Anstrengungen anzuerkennen, die sowohl von seinen Mitarbeitern als auch von der Schweizer und der Walliser Bev\u00f6lkerung durch ihre Annahme der Pflegeinitiative 2021 unternommen wurden. Die Institution vermochte den Volkswillen dank der finanziellen Unterst\u00fctzung des Departements f\u00fcr Gesundheit, Soziales und Kultur umzusetzen. Letzteres hatte die Investition erheblicher Mittel zur Verbesserung der Arbeitsbedingungen des Pflegepersonals des Spital Wallis, der Alters- und Pflegeheime und der SMZ beschlossen.<\/span><\/p>\n<p><span>Aufgrund der vorgenommenen organisatorischen \u00c4nderungen, insbesondere mit einem weitgehend erneuerten Verwaltungsrat und dem neuen Gesicht der Direktion des Spitalzentrums des franz\u00f6sischsprachigen Wallis, wird das Spital Wallis den eingeschlagenen Weg fortsetzen und die aktuellen und k\u00fcnftigen Herausforderungen annehmen. Konkret unterstreichen die Entwicklung von Infrastrukturen wie die neue Tagesklinik in Martinach, das Dialysezentrum in Siders oder das ambulante Zentrum in Visp, der Umzug der ambulanten Psychiatrie nach Sitten oder auch die Fortf\u00fchrung des Projekts CAP&#8217;Ado den Willen des Spital Wallis, sich der Bev\u00f6lkerung weiter anzun\u00e4hern und sie noch besser zu unterst\u00fctzen.<\/span><\/p>\n<p>[\/et_pb_text][\/et_pb_column][et_pb_column type=&#8221;1_2&#8243; _builder_version=&#8221;4.16&#8243; _module_preset=&#8221;default&#8221; global_colors_info=&#8221;{}&#8221;][et_pb_text _builder_version=&#8221;4.25.0&#8243; _module_preset=&#8221;default&#8221; text_text_color=&#8221;#FFFFFF&#8221; text_font_size=&#8221;17px&#8221; text_orientation=&#8221;justified&#8221; custom_padding=&#8221;||0px|||&#8221; global_colors_info=&#8221;{}&#8221;]<\/p>\n<p><span>Dieser Wille zur Ann\u00e4herung und Effizienz zeigt sich auch in den Fortschritten bei den Infrastrukturarbeiten sowohl in Sitten als auch im Oberwallis, wo in Brig im September 2023 der Grundstein f\u00fcr das neue Spitalzentrum Oberwallis gelegt werden konnte. Vielleicht etwas abstrakter, aber nicht weniger wichtig ist das Projekt des Integrierten Patientendossiers (DPI+), das kurz vor dem Abschluss steht und seine Wirkung zum Nutzen der Patientinnen und Patienten des Spitals rasch entfalten d\u00fcrfte.<\/span><\/p>\n<p><span>Diese Fortschritte d\u00fcrfen jedoch nicht \u00fcber den schwierigen wirtschaftlichen und tariflichen Kontext hinwegt\u00e4uschen, in dem sich unsere einem st\u00e4ndig wachsenden finanziellen Druck ausgesetzte Institution bewegt. Wie in anderen Gesundheitseinrichtungen des Landes ist aufgrund der Tarifproblematik auf Schweizer Ebene kein kostendeckendes Arbeiten mehr m\u00f6glich, wobei insbesondere im ambulanten Bereich ein eklatanter Mangel an Finanzmitteln herrscht.<\/span><\/p>\n<p><span>Auf dem Weg zur Nachhaltigkeit, die einen seiner Grundwerte darstellt, hat sich das Spital Wallis f\u00fcr Sparma\u00dfnahmen und Funktionsweisen entschieden, die es ihm erm\u00f6glichen sollten, die aktuellen und k\u00fcnftigen Schwierigkeiten \u2013 wie beispielsweise die inflationsbedingte Verteuerung seiner Infrastrukturprojekte um mehrere Millionen \u2013 zu bew\u00e4ltigen. In diesem Zusammenhang gilt es einmal mehr, die enge Zusammenarbeit mit dem Gesundheitsdepartement und die umfassende Unterst\u00fctzung des Kantons hervorzuheben, die es dem Spital erm\u00f6glichen, der Walliser Bev\u00f6lkerung mit Zuversicht zur Verf\u00fcgung zu stehen.<\/span><\/p>\n<p>[\/et_pb_text][\/et_pb_column][\/et_pb_row][et_pb_row module_id=&#8221;scroll&#8221; _builder_version=&#8221;4.16&#8243; _module_preset=&#8221;default&#8221; global_colors_info=&#8221;{}&#8221;][et_pb_column type=&#8221;4_4&#8243; module_id=&#8221;scroll&#8221; _builder_version=&#8221;4.16&#8243; _module_preset=&#8221;default&#8221; global_colors_info=&#8221;{}&#8221;][et_pb_blurb use_icon=&#8221;on&#8221; font_icon=&#8221;&#x3b;||divi||400&#8243; icon_color=&#8221;#FFFFFF&#8221; image_icon_background_color=&#8221;RGBA(0,0,0,0)&#8221; image_icon_width=&#8221;48px&#8221; _builder_version=&#8221;4.16&#8243; _module_preset=&#8221;default&#8221; header_text_color=&#8221;#FFFFFF&#8221; header_font_size=&#8221;35px&#8221; image_icon_custom_padding=&#8221;25px|25px|25px|25px|false|false&#8221; custom_margin=&#8221;0px||0px||false|false&#8221; custom_padding=&#8221;0px||0px||false|false&#8221; link_option_url=&#8221;#scroll&#8221; border_radii_image=&#8221;on|100%|100%|100%|100%&#8221; border_width_all_image=&#8221;3px&#8221; border_color_all_image=&#8221;RGBA(0,0,0,0)&#8221; use_circle=&#8221;on&#8221; use_circle_border=&#8221;on&#8221; circle_border_color=&#8221;RGBA(0,0,0,0)&#8221; circle_color=&#8221;RGBA(0,0,0,0)&#8221; global_colors_info=&#8221;{}&#8221; image_icon_background_color__sticky_enabled=&#8221;#e02b20&#8243; image_icon_background_color__sticky=&#8221;#e02b20&#8243;][\/et_pb_blurb][\/et_pb_column][\/et_pb_row][\/et_pb_section][et_pb_section fb_built=&#8221;1&#8243; custom_padding_last_edited=&#8221;on|phone&#8221; prev_background_color=&#8221;#E02B20&#8243; module_id=&#8221;chiffres&#8221; _builder_version=&#8221;4.25.0&#8243; _module_preset=&#8221;default&#8221; background_color=&#8221;RGBA(0,0,0,0)&#8221; use_background_color_gradient=&#8221;on&#8221; background_color_gradient_type=&#8221;circular&#8221; background_color_gradient_stops=&#8221;#ffffff 0%|#ffffff 80%&#8221; background_color_gradient_start=&#8221;#ffffff&#8221; background_color_gradient_end=&#8221;#ffffff&#8221; background_color_gradient_end_position=&#8221;80%&#8221; background_image=&#8221;https:\/\/rapport.hopitalvs.ch\/wp-content\/uploads\/2024\/04\/Activite.jpg&#8221; parallax=&#8221;on&#8221; parallax_method=&#8221;off&#8221; max_width=&#8221;100%&#8221; module_alignment=&#8221;center&#8221; custom_margin=&#8221;||||false|false&#8221; custom_padding=&#8221;200px|100px|100px|100px|false|false&#8221; custom_padding_tablet=&#8221;100px|100px|100px|100px|false|false&#8221; custom_padding_phone=&#8221;119px|20px|20px|20px|false|false&#8221; top_divider_style=&#8221;slant&#8221; top_divider_height=&#8221;150px&#8221; top_divider_repeat=&#8221;0x&#8221; top_divider_flip=&#8221;horizontal&#8221; bottom_divider_style=&#8221;slant&#8221; bottom_divider_color=&#8221;#FFFFFF&#8221; bottom_divider_height=&#8221;150px&#8221; bottom_divider_flip=&#8221;horizontal&#8221; global_colors_info=&#8221;{}&#8221;][et_pb_row make_equal=&#8221;on&#8221; _builder_version=&#8221;4.16&#8243; _module_preset=&#8221;default&#8221; width=&#8221;100%&#8221; max_width=&#8221;100%&#8221; global_colors_info=&#8221;{}&#8221;][et_pb_column type=&#8221;4_4&#8243; _builder_version=&#8221;4.16&#8243; _module_preset=&#8221;default&#8221; global_colors_info=&#8221;{}&#8221;][et_pb_text _builder_version=&#8221;4.16&#8243; _module_preset=&#8221;default&#8221; text_font=&#8221;|||on|||||&#8221; text_text_color=&#8221;#E02B20&#8243; header_font=&#8221;|||on|||||&#8221; header_text_color=&#8221;#E02B20&#8243; background_enable_color=&#8221;off&#8221; background_layout=&#8221;dark&#8221; header_text_shadow_style=&#8221;preset3&#8243; header_text_shadow_blur_strength=&#8221;0.67em&#8221; header_text_shadow_color=&#8221;#FFFFFF&#8221; global_colors_info=&#8221;{}&#8221;]<\/p>\n<h1>In Zahlen<\/h1>\n<p>[\/et_pb_text][\/et_pb_column][\/et_pb_row][et_pb_row column_structure=&#8221;1_4,1_4,1_4,1_4&#8243; use_custom_gutter=&#8221;on&#8221; gutter_width=&#8221;4&#8243; make_equal=&#8221;on&#8221; disabled_on=&#8221;off|off|off&#8221; module_class=&#8221;blurbnospace&#8221; _builder_version=&#8221;4.21.0&#8243; _module_preset=&#8221;default&#8221; background_color=&#8221;rgba(255,255,255,0.6)&#8221; width=&#8221;100%&#8221; max_width=&#8221;100%&#8221; module_alignment=&#8221;center&#8221; custom_margin=&#8221;20px||20px||false|false&#8221; custom_padding=&#8221;50px|100px|50px|100px|false|false&#8221; border_radii=&#8221;on|10px|10px|10px|10px&#8221; global_colors_info=&#8221;{}&#8221;][et_pb_column type=&#8221;1_4&#8243; _builder_version=&#8221;4.21.0&#8243; _module_preset=&#8221;default&#8221; global_colors_info=&#8221;{}&#8221;][et_pb_blurb title=&#8221;40&#8217;200&#8243; image=&#8221;https:\/\/rapport.hopitalvs.ch\/wp-content\/uploads\/2023\/05\/Lits.svg&#8221; image_icon_width=&#8221;50%&#8221; icon_alignment=&#8221;left&#8221; icon_alignment_tablet=&#8221;&#8221; icon_alignment_phone=&#8221;center&#8221; icon_alignment_last_edited=&#8221;on|phone&#8221; module_class=&#8221;blurbnospace&#8221; _builder_version=&#8221;4.25.0&#8243; _module_preset=&#8221;default&#8221; header_level=&#8221;h1&#8243; header_text_color=&#8221;#d92c38&#8243; header_font_size=&#8221;2.8em&#8221; header_text_align_tablet=&#8221;&#8221; header_text_align_phone=&#8221;center&#8221; header_text_align_last_edited=&#8221;on|phone&#8221; body_text_align_tablet=&#8221;&#8221; body_text_align_phone=&#8221;center&#8221; body_text_align_last_edited=&#8221;on|phone&#8221; border_style_all_image=&#8221;none&#8221; image_max_width=&#8221;50%&#8221; global_colors_info=&#8221;{}&#8221;]<\/p>\n<p>hospitalisierte Patientinnen und Patienten<\/p>\n<p>[\/et_pb_blurb][et_pb_blurb title=&#8221;496&#8243; image=&#8221;https:\/\/rapport.hopitalvs.ch\/wp-content\/uploads\/2023\/05\/Med.svg&#8221; image_icon_width=&#8221;50%&#8221; icon_alignment=&#8221;left&#8221; icon_alignment_tablet=&#8221;&#8221; icon_alignment_phone=&#8221;center&#8221; icon_alignment_last_edited=&#8221;on|phone&#8221; module_class=&#8221;blurbnospace&#8221; _builder_version=&#8221;4.21.0&#8243; _module_preset=&#8221;default&#8221; header_level=&#8221;h1&#8243; header_text_color=&#8221;#d92c38&#8243; header_font_size=&#8221;2.8em&#8221; text_orientation_tablet=&#8221;&#8221; text_orientation_phone=&#8221;center&#8221; text_orientation_last_edited=&#8221;on|phone&#8221; border_style_all_image=&#8221;none&#8221; image_max_width=&#8221;50%&#8221; global_colors_info=&#8221;{}&#8221;]<\/p>\n<p>Assistenz- und Ober\u00e4rzte <br \/>in Ausbildung<\/p>\n<p>[\/et_pb_blurb][\/et_pb_column][et_pb_column type=&#8221;1_4&#8243; _builder_version=&#8221;4.16&#8243; _module_preset=&#8221;default&#8221; global_colors_info=&#8221;{}&#8221;][et_pb_blurb title=&#8221;71&#8217;030&#8243; image=&#8221;https:\/\/rapport.hopitalvs.ch\/wp-content\/uploads\/2023\/05\/Ambulance.svg&#8221; image_icon_width=&#8221;50%&#8221; icon_alignment=&#8221;left&#8221; icon_alignment_tablet=&#8221;&#8221; icon_alignment_phone=&#8221;center&#8221; icon_alignment_last_edited=&#8221;on|phone&#8221; module_class=&#8221;blurbnospace&#8221; _builder_version=&#8221;4.21.0&#8243; _module_preset=&#8221;default&#8221; header_level=&#8221;h1&#8243; header_text_color=&#8221;#d92c38&#8243; header_font_size=&#8221;2.8em&#8221; header_text_align_tablet=&#8221;&#8221; header_text_align_phone=&#8221;center&#8221; header_text_align_last_edited=&#8221;on|phone&#8221; body_text_align_tablet=&#8221;&#8221; body_text_align_phone=&#8221;center&#8221; body_text_align_last_edited=&#8221;on|phone&#8221; border_style_all_image=&#8221;none&#8221; image_max_width=&#8221;50%&#8221; global_colors_info=&#8221;{}&#8221;]<\/p>\n<p>Notfalleintritte<\/p>\n<p>[\/et_pb_blurb][et_pb_blurb title=&#8221;847&#8243; image=&#8221;https:\/\/rapport.hopitalvs.ch\/wp-content\/uploads\/2023\/05\/Calculate.svg&#8221; image_icon_width=&#8221;50%&#8221; icon_alignment=&#8221;left&#8221; icon_alignment_tablet=&#8221;&#8221; icon_alignment_phone=&#8221;center&#8221; icon_alignment_last_edited=&#8221;on|phone&#8221; module_class=&#8221;blurbnospace&#8221; _builder_version=&#8221;4.21.0&#8243; _module_preset=&#8221;default&#8221; header_level=&#8221;h1&#8243; header_text_color=&#8221;#d92c38&#8243; header_font_size=&#8221;2.8em&#8221; text_orientation_tablet=&#8221;&#8221; text_orientation_phone=&#8221;center&#8221; text_orientation_last_edited=&#8221;on|phone&#8221; border_style_all_image=&#8221;none&#8221; image_max_width=&#8221;50%&#8221; global_colors_info=&#8221;{}&#8221;]<\/p>\n<p>Millionen Franken Umsatzs<\/p>\n<p>[\/et_pb_blurb][\/et_pb_column][et_pb_column type=&#8221;1_4&#8243; _builder_version=&#8221;4.16&#8243; _module_preset=&#8221;default&#8221; global_colors_info=&#8221;{}&#8221;][et_pb_blurb title=&#8221;609\u2019000&#8243; image=&#8221;https:\/\/rapport.hopitalvs.ch\/wp-content\/uploads\/2023\/05\/Patient.svg&#8221; image_icon_width=&#8221;50%&#8221; icon_alignment=&#8221;left&#8221; icon_alignment_tablet=&#8221;&#8221; icon_alignment_phone=&#8221;center&#8221; icon_alignment_last_edited=&#8221;on|phone&#8221; module_class=&#8221;blurbnospace&#8221; _builder_version=&#8221;4.25.0&#8243; _module_preset=&#8221;default&#8221; header_level=&#8221;h1&#8243; header_text_color=&#8221;#d92c38&#8243; header_font_size=&#8221;2.8em&#8221; text_orientation_tablet=&#8221;&#8221; text_orientation_phone=&#8221;center&#8221; text_orientation_last_edited=&#8221;on|phone&#8221; border_style_all_image=&#8221;none&#8221; image_max_width=&#8221;50%&#8221; global_colors_info=&#8221;{}&#8221;]<\/p>\n<p style=\"text-align: left;\">ambulante Konsultationen<\/p>\n<p>[\/et_pb_blurb][et_pb_blurb title=&#8221;6\u2019050 &#8221; image=&#8221;https:\/\/rapport.hopitalvs.ch\/wp-content\/uploads\/2023\/05\/Employees.svg&#8221; image_icon_width=&#8221;50%&#8221; icon_alignment=&#8221;left&#8221; icon_alignment_tablet=&#8221;&#8221; icon_alignment_phone=&#8221;center&#8221; icon_alignment_last_edited=&#8221;on|phone&#8221; module_class=&#8221;blurbnospace&#8221; _builder_version=&#8221;4.21.0&#8243; _module_preset=&#8221;default&#8221; header_level=&#8221;h1&#8243; header_text_color=&#8221;#d92c38&#8243; header_font_size=&#8221;2.8em&#8221; text_orientation_tablet=&#8221;&#8221; text_orientation_phone=&#8221;center&#8221; text_orientation_last_edited=&#8221;on|phone&#8221; border_style_all_image=&#8221;none&#8221; image_max_width=&#8221;50%&#8221; global_colors_info=&#8221;{}&#8221;]<\/p>\n<p>Einer der gr\u00f6ssten Arbeitgeber im Kanton <br \/>mit fast 6\u2019050 Mitarbeiterinnen und Mitarbeitern<\/p>\n<p>[\/et_pb_blurb][\/et_pb_column][et_pb_column type=&#8221;1_4&#8243; _builder_version=&#8221;4.16&#8243; _module_preset=&#8221;default&#8221; global_colors_info=&#8221;{}&#8221;][et_pb_blurb title=&#8221;1\u2019822&#8243; image=&#8221;https:\/\/rapport.hopitalvs.ch\/wp-content\/uploads\/2023\/05\/Naissance.svg&#8221; image_icon_width=&#8221;50%&#8221; icon_alignment=&#8221;left&#8221; icon_alignment_tablet=&#8221;&#8221; icon_alignment_phone=&#8221;center&#8221; icon_alignment_last_edited=&#8221;on|phone&#8221; module_class=&#8221;blurbnospace&#8221; _builder_version=&#8221;4.25.0&#8243; _module_preset=&#8221;default&#8221; header_level=&#8221;h1&#8243; header_text_color=&#8221;#d92c38&#8243; header_font_size=&#8221;2.8em&#8221; text_orientation_tablet=&#8221;&#8221; text_orientation_phone=&#8221;center&#8221; text_orientation_last_edited=&#8221;on|phone&#8221; border_style_all_image=&#8221;none&#8221; image_max_width=&#8221;50%&#8221; global_colors_info=&#8221;{}&#8221;]<\/p>\n<p>Geburten <\/p>\n<p>[\/et_pb_blurb][et_pb_blurb title=&#8221;83 &#8221; image=&#8221;https:\/\/rapport.hopitalvs.ch\/wp-content\/uploads\/2023\/05\/Hand.svg&#8221; image_icon_width=&#8221;50%&#8221; icon_alignment=&#8221;left&#8221; icon_alignment_tablet=&#8221;&#8221; icon_alignment_phone=&#8221;center&#8221; icon_alignment_last_edited=&#8221;on|phone&#8221; module_class=&#8221;blurbnospace&#8221; _builder_version=&#8221;4.21.0&#8243; _module_preset=&#8221;default&#8221; header_level=&#8221;h1&#8243; header_text_color=&#8221;#d92c38&#8243; header_font_size=&#8221;2.8em&#8221; text_orientation_tablet=&#8221;&#8221; text_orientation_phone=&#8221;center&#8221; text_orientation_last_edited=&#8221;on|phone&#8221; border_style_all_image=&#8221;none&#8221; image_max_width=&#8221;50%&#8221; global_colors_info=&#8221;{}&#8221;]<\/p>\n<p>Kooperationsvereinbarungen mit:<\/p>\n<ul>\n<li>Universit\u00e4tsspital Lausanne (CHUV)<\/li>\n<li>Universit\u00e4tsspital Genf (HUG)<\/li>\n<li>Inselspital Bern<\/li>\n<li>Universit\u00e4tsspital Basel<\/li>\n<li>Eidgen\u00f6ssische Technische Hochschule Lausanne (EPFL)<\/li>\n<\/ul>\n<p>[\/et_pb_blurb][\/et_pb_column][\/et_pb_row][et_pb_row module_id=&#8221;scroll&#8221; _builder_version=&#8221;4.16&#8243; _module_preset=&#8221;default&#8221; global_colors_info=&#8221;{}&#8221;][et_pb_column type=&#8221;4_4&#8243; module_id=&#8221;scroll&#8221; _builder_version=&#8221;4.16&#8243; _module_preset=&#8221;default&#8221; global_colors_info=&#8221;{}&#8221;][et_pb_blurb use_icon=&#8221;on&#8221; font_icon=&#8221;&#x3b;||divi||400&#8243; icon_color=&#8221;#FFFFFF&#8221; image_icon_background_color=&#8221;RGBA(0,0,0,0)&#8221; image_icon_width=&#8221;48px&#8221; _builder_version=&#8221;4.21.0&#8243; _module_preset=&#8221;default&#8221; header_text_color=&#8221;#FFFFFF&#8221; header_font_size=&#8221;35px&#8221; image_icon_custom_padding=&#8221;25px|25px|25px|25px|false|false&#8221; custom_margin=&#8221;0px||0px||false|false&#8221; custom_padding=&#8221;0px||0px||false|false&#8221; link_option_url=&#8221;#enbref&#8221; border_radii_image=&#8221;on|100%|100%|100%|100%&#8221; border_width_all_image=&#8221;3px&#8221; border_color_all_image=&#8221;RGBA(0,0,0,0)&#8221; use_circle=&#8221;on&#8221; use_circle_border=&#8221;on&#8221; circle_border_color=&#8221;RGBA(0,0,0,0)&#8221; circle_color=&#8221;RGBA(0,0,0,0)&#8221; global_colors_info=&#8221;{}&#8221; image_icon_background_color__sticky_enabled=&#8221;#e02b20&#8243; image_icon_background_color__sticky=&#8221;#e02b20&#8243;][\/et_pb_blurb][\/et_pb_column][\/et_pb_row][\/et_pb_section][et_pb_section fb_built=&#8221;1&#8243; module_id=&#8221;enbref&#8221; _builder_version=&#8221;4.25.0&#8243; _module_preset=&#8221;default&#8221; background_color=&#8221;rgba(255,255,255,0.94)&#8221; background_image=&#8221;https:\/\/rapport.hopitalvs.ch\/wp-content\/uploads\/2024\/05\/Back_content.png&#8221; background_size=&#8221;custom&#8221; background_image_width=&#8221;0%&#8221; background_image_height=&#8221;0%&#8221; background_position=&#8221;center_right&#8221; background_blend=&#8221;color&#8221; overflow-x=&#8221;hidden&#8221; overflow-y=&#8221;hidden&#8221; scroll_scaling=&#8221;0|50|54|100|70|100|100&#8243; scroll_blur=&#8221;0|17|50|100|10|0|0&#8243; motion_trigger_start=&#8221;bottom&#8221; custom_css_free_form=&#8221;#enbref p a {||  display: inline-block;||  padding: 10px 20px;||  background-color: #e02b20;||  color: white;||  text-decoration: none;||    border-radius: 4px;||  margin-bottom:2em;||}||#enbref h2{||  font-weight:bold;  ||}||||#enbref p a:before {||  content: %22%922192%22;||  margin-right: 10px;||}||||#enbref p a:hover {||  background-color: #e02b20;||}&#8221; global_colors_info=&#8221;{}&#8221;][et_pb_row column_structure=&#8221;1_2,1_2&#8243; make_equal=&#8221;on&#8221; _builder_version=&#8221;4.16&#8243; _module_preset=&#8221;default&#8221; width=&#8221;100%&#8221; max_width=&#8221;90%&#8221; global_colors_info=&#8221;{}&#8221;][et_pb_column type=&#8221;1_2&#8243; _builder_version=&#8221;4.21.0&#8243; _module_preset=&#8221;default&#8221; global_colors_info=&#8221;{}&#8221;][et_pb_text _builder_version=&#8221;4.21.0&#8243; _module_preset=&#8221;default&#8221; text_font=&#8221;|||on|||||&#8221; text_text_color=&#8221;#E02B20&#8243; header_font=&#8221;|||on|||||&#8221; header_text_color=&#8221;#E02B20&#8243; background_enable_color=&#8221;off&#8221; background_layout=&#8221;dark&#8221; module_alignment=&#8221;center&#8221; header_text_shadow_style=&#8221;preset3&#8243; header_text_shadow_blur_strength=&#8221;0.67em&#8221; header_text_shadow_color=&#8221;#FFFFFF&#8221; global_colors_info=&#8221;{}&#8221;]<\/p>\n<h1>DAS JAHR 2023 IN K\u00dcRZE<\/h1>\n<p>[\/et_pb_text][\/et_pb_column][et_pb_column type=&#8221;1_2&#8243; _builder_version=&#8221;4.21.0&#8243; _module_preset=&#8221;default&#8221; global_colors_info=&#8221;{}&#8221;][et_pb_button button_url=&#8221;https:\/\/rapport.hopitalvs.ch\/wp-content\/uploads\/2024\/05\/Rapport-de-gestion-Hopital-2023_DE.pdf&#8221; url_new_window=&#8221;on&#8221; button_text=&#8221;2023 IN K\u00dcRZE (PDF)&#8221; button_alignment=&#8221;right&#8221; admin_label=&#8221;PDF ann\u00e9e en bref&#8221; _builder_version=&#8221;4.25.1&#8243; _module_preset=&#8221;3f730f3e-0a37-424b-9820-246fdb32d57b&#8221; custom_margin=&#8221;|0px|0px|0px|false|false&#8221; custom_padding=&#8221;||0px||false|false&#8221; hover_enabled=&#8221;0&#8243; global_colors_info=&#8221;{}&#8221; sticky_enabled=&#8221;0&#8243;][\/et_pb_button][\/et_pb_column][\/et_pb_row][et_pb_row column_structure=&#8221;1_3,1_3,1_3&#8243; _builder_version=&#8221;4.25.0&#8243; _module_preset=&#8221;default&#8221; width=&#8221;100%&#8221; max_width=&#8221;90%&#8221; custom_margin=&#8221;||0px||false|false&#8221; custom_padding=&#8221;||0px||false|false&#8221; border_style_all=&#8221;none&#8221; border_width_bottom=&#8221;1px&#8221; border_color_bottom=&#8221;#E02B20&#8243; global_colors_info=&#8221;{}&#8221;][et_pb_column type=&#8221;1_3&#8243; _builder_version=&#8221;4.16&#8243; _module_preset=&#8221;default&#8221; global_colors_info=&#8221;{}&#8221;][et_pb_text _builder_version=&#8221;4.21.0&#8243; _module_preset=&#8221;default&#8221; header_2_text_color=&#8221;#E02B20&#8243; text_orientation=&#8221;justified&#8221; width=&#8221;100%&#8221; max_width=&#8221;100%&#8221; module_alignment=&#8221;center&#8221; global_colors_info=&#8221;{}&#8221;]<\/p>\n<h2>JANUAR<\/h2>\n<h3 style=\"text-align: left;\">Das Zauberw\u00e4geli feiert sein 25-j\u00e4hriges Bestehen<\/h3>\n<p><span>Der Verein Le Chariot Magique (Zauberw\u00e4geli) feierte sein 25-j\u00e4hriges Bestehen mit einer Theatertournee durch f\u00fcnf Westschweizer Spit\u00e4ler, darunter das Spital Wallis. Seit einem Vierteljahrhundert erfreut das Zauberw\u00e4geli die im Spital Sitten hospitalisierten Kinder. Jede Woche besuchen ehrenamtlich t\u00e4tige Fachpersonen des Gesundheitswesens die kranken Kinder, spielen mit ihnen, h\u00f6ren ihnen zu und lassen sie erz\u00e4hlen.<\/span><\/p>\n<p>[\/et_pb_text][et_pb_text _builder_version=&#8221;4.25.0&#8243; _module_preset=&#8221;default&#8221; header_2_text_color=&#8221;#E02B20&#8243; text_orientation=&#8221;justified&#8221; width=&#8221;100%&#8221; max_width=&#8221;100%&#8221; module_alignment=&#8221;center&#8221; global_colors_info=&#8221;{}&#8221;]<\/p>\n<h2><strong>M\u00c4RZ<\/strong><\/h2>\n<h3 style=\"text-align: left;\">Sensibilisierung f\u00fcr Endometriose im Spital Sitten<\/h3>\n<p>Anl\u00e4sslich des Monats der Sensibilisierung f\u00fcr Endometriose stellte das Spitalzentrum des franz\u00f6sischsprachigen Wallis (CHVR) seine Sprechstunde f\u00fcr Frauen vor, die von dieser gyn\u00e4kologischen Erkrankung betroffen sind. Deren multidisziplin\u00e4re Behandlung wird in der Poliklinik f\u00fcr Gyn\u00e4kologie und Geburtshilfe am Standort Sitten gew\u00e4hrleistet. Sch\u00e4tzungsweise 10% aller Frauen leiden an dieser Erkrankung, die ihre Lebensqualit\u00e4t stark einschr\u00e4nkt. Es gibt heute zwar keine Behandlung, die Endometriose verhindern oder vollst\u00e4ndig heilen kann, doch stehen verschiedene Therapiem\u00f6glichkeiten zur Verf\u00fcgung, um das Fortschreiten der Krankheit zu begrenzen, die Symptome zu kontrollieren und die Lebensqualit\u00e4t zu verbessern.<\/p>\n<h3>Messe \u00abYour Challenge\u00bb<br \/><span><\/span><\/h3>\n<p>Die Berufs- und Ausbildungsmesse \u00abYour Challenge\u00bb fand vom 8. bis 13. M\u00e4rz im CERM in Martinach statt und ist ein Muss f\u00fcr alle Sch\u00fcler, Studenten und Erwachsenen, die sich \u00fcber M\u00f6glichkeiten ihrer beruflichen Zukunft informieren m\u00f6chten. Das Spital Wallis stellte dort fast 20&#8217;000 Besucherinnen und Besuchern die Berufe und T\u00e4tigkeitsbereiche im Spitalwesen vor.<\/p>\n<p><a href=\"https:\/\/www.spitalwallis.ch\/spital-wallis\/news\/artikeldetails\/2022\/3\/25\/les-patients-valaisans-invites-a-ouvrir-leur-dossier-electronique\" target=\"_blank\" rel=\"noopener\">Mehr<\/a><\/p>\n<h3>Einweihung des neuen Dialysezentrums in Siders<\/h3>\n<p>Das neue Dialysezentrum des Spitals Siders wurde am 10. M\u00e4rz in Anwesenheit von Staatsrat Mathias Reynard eingeweiht. Die Fl\u00e4che wurde von 112 auf 210 m2 erweitert; das neue Zentrum bietet zwei zus\u00e4tzliche Pl\u00e4tze und somit insgesamt zehn Behandlungspl\u00e4tze, von denen zwei eine isolierte Behandlung erlauben. Ein zus\u00e4tzlicher Komfort f\u00fcr die Patientinnen und Patienten, die so eine \u00dcberweisung ins Spital Sitten vermeiden k\u00f6nnen.<\/p>\n<p><span><a href=\"https:\/\/www.spitalwallis.ch\/spital-wallis\/news\/artikeldetails\/2023\/3\/10\/einweihung-des-neuen-dialysezentrums-in-siders\" target=\"_blank\" rel=\"noopener\">Mehr<\/a><\/span><\/p>\n<h3>Ein poetisch angehauchter Fr\u00fchling, um den Patientenalltag zu erleichtern<\/h3>\n<p>Vom 18. M\u00e4rz bis zum 1. April \u00f6ffneten mehrere Westschweizer Spit\u00e4ler auf Initiative der \u00c4rztin und Dichterin Julie Delaloye ihre T\u00fcren f\u00fcr den \u00abPrintemps de la Po\u00e9sie\u00bb (Fr\u00fchling der Poesie). Im Spital Wallis wurden die rund 800 Patientinnen und Patienten der Spit\u00e4ler Sitten, Siders, Martinach, St-Am\u00e9 und Mal\u00e9voz mit Gedichten bedacht. Worte, die ber\u00fchren, ermutigen, lindern und denjenigen, die ihr Spitalbett nicht verlassen k\u00f6nnen, neue Hoffnung geben.<\/p>\n<p>&nbsp;<\/p>\n<h3>Charta der Lohngleichheit im \u00f6ffentlichen Sektor<\/h3>\n<p>Das Spital Wallis hat am 21. M\u00e4rz 2023 die Charta der Lohngleichheit im \u00f6ffentlichen Sektor unterzeichnet und damit seine Entschlossenheit bekr\u00e4ftigt, den Verfassungsgrundsatz des gleichen Lohns f\u00fcr gleichwertige Arbeit in die Tat umzusetzen. Die rechtliche und tats\u00e4chliche Gleichstellung von Frauen und M\u00e4nnern ist ein Grundprinzip der Bundesverfassung und ein zentraler Wert unserer Gesellschaft. Der \u00f6ffentliche Sektor muss in dieser Hinsicht mit gutem Beispiel vorangehen.<\/p>\n<p><span><a href=\"https:\/\/www.spitalwallis.ch\/spital-wallis\/news\/artikeldetails\/2023\/3\/23\/das-spital-wallis-unterzeichnet-die-charta-der-lohngleichheit-im-oeffentlichen-sektor\" target=\"_blank\" rel=\"noopener\">Mehr<\/a><\/span><\/p>\n<h3>Konferenz und Vernissage der Wanderausstellung \u00abDas ideale Spital\u00bb<\/h3>\n<p>Das Spital Wallis lud Patientinnen und Patienten, deren Angeh\u00f6rige, sein Personal und die breite \u00d6ffentlichkeit zu seiner Wanderausstellung \u00abDas ideale Spital\u00bb ein. Mit dieser Initiative wird das Konzept der Messe Plan\u00e8te sant\u00e9 aus dem Jahr 2019 fortgesetzt. Unter Mitwirkung des Vereins Savoir Patient hatten die Besucherinnen und Besucher dort ihre Erfahrungen schildern, ihre Vorschl\u00e4ge und sogar ihre Tr\u00e4ume \u00fcbermitteln k\u00f6nnen, von denen sich der Zeichner\/Philosoph P\u00e9cub sofort inspirieren lie\u00df (180 Zeichnungen in vier Tagen). Eine Auswahl dieser Werke wurde mehrere Wochen lang an jedem Spitalstandort ausgestellt.<\/p>\n<p>&nbsp;<\/p>\n<h3>Nomination f\u00fcr den Verwaltungsrat<\/h3>\n<p>Der Staatsrat hat Emilie Praz als Mitglied des Verwaltungsrats des Spital Wallis ernannt. Sie ist Anw\u00e4ltin in der Kanzlei Kellerhals Carrard in Sitten und trat ihr Amt am 1. Mai 2023 an. Sie ersetzt Myl\u00e8ne Cina, die ihren R\u00fccktritt per Ende April eingereicht hatte.<\/p>\n<p><a href=\"https:\/\/www.spitalwallis.ch\/spital-wallis\/news\/artikeldetails\/2023\/3\/23\/das-spital-wallis-unterzeichnet-die-charta-der-lohngleichheit-im-oeffentlichen-sektor\" target=\"_blank\" rel=\"noopener\">Mehr<\/a><br \/><span><\/span><\/p>\n<p>[\/et_pb_text][et_pb_text _builder_version=&#8221;4.25.0&#8243; _module_preset=&#8221;default&#8221; header_2_text_color=&#8221;#E02B20&#8243; text_orientation=&#8221;justified&#8221; width=&#8221;100%&#8221; max_width=&#8221;100%&#8221; module_alignment=&#8221;center&#8221; custom_padding=&#8221;||0px|||&#8221; global_colors_info=&#8221;{}&#8221;]<\/p>\n<h2><strong>APRIL<\/strong><\/h2>\n<h3>Operation Boule \u00e0 Z\u00e9ro (Operation Glatzk\u00f6pfchen)<\/h3>\n<p>Seit 2015 bietet die Vereinigung Operation Glatzk\u00f6pfchen Kindern und jungen Patientinnen und Patienten des Spital Wallis mit der Verteilung von Comic-Geschichten aus der Reihe \u00abGlatzk\u00f6pfchen\u00bb Momente der Entspannung und der Ablenkung. Im Jahr 2023 konnten dank der Unterst\u00fctzung der Raiffeisen Sion et R\u00e9gion und der Groupe Mutuel 500 Comics an die Institution verschenkt werden, 300 an die Kinderabteilung in Sitten und 200 an die Kinderabteilung in Visp.<\/p>\n<p>&nbsp;<\/p>\n<p>[\/et_pb_text][\/et_pb_column][et_pb_column type=&#8221;1_3&#8243; _builder_version=&#8221;4.16&#8243; _module_preset=&#8221;default&#8221; global_colors_info=&#8221;{}&#8221;][et_pb_text _builder_version=&#8221;4.25.0&#8243; _module_preset=&#8221;default&#8221; text_font=&#8221;||||||||&#8221; header_font=&#8221;|||on|||||&#8221; header_2_text_color=&#8221;#E02B20&#8243; text_orientation=&#8221;justified&#8221; width=&#8221;100%&#8221; max_width=&#8221;100%&#8221; module_alignment=&#8221;center&#8221; global_colors_info=&#8221;{}&#8221;]<\/p>\n<h2><strong>MAI<\/strong><\/h2>\n<h3>Er\u00f6ffnung des Ambulanten Zentrums in Visp<\/h3>\n<p><span>Das Spitalzentrum Oberwallis hat Anfang Mai sein Ambulantes Zentrum im Centerpark Visp er\u00f6ffnet. Ob Vorsorgeuntersuchung der Brust, orthop\u00e4dische Abkl\u00e4rung oder urologische Beratung \u2013 Patientinnen und Patienten in den ambulanten Bereichen Gyn\u00e4kologie und Geburtshilfe, Orthop\u00e4die, Chirurgie, P\u00e4diatrie und Radiologie werden k\u00fcnftig im 1. Stock des zentral gelegenen Centerparkgeb\u00e4udes behandelt.<\/span><\/p>\n<p><a href=\"https:\/\/www.spitalwallis.ch\/spital-wallis\/news\/artikeldetails\/2023\/4\/26\/eroeffnung-des-ambulanten-zentrums-in-visp-anfangs-mai-2023\" target=\"_blank\" rel=\"noopener\">Mehr<\/a><span><\/span><\/p>\n<h3>Neues Angebot f\u00fcr leichte chirurgische Eingriffe im Spital Siders<\/h3>\n<p>Seit Mai 2023 ist der OP-Bereich des Spitals Siders so organisiert, dass Patientinnen und Patienten, die einen Eingriff mit Lokalan\u00e4sthesie in der plastischen, rekonstruktiven und Handchirurgie ben\u00f6tigen, behandelt werden k\u00f6nnen. Diese Infrastruktur befindet sich im Zentrum der Konsultationsr\u00e4ume und erleichtert nicht nur den Weg der Patientin\/des Patienten, sondern auch die Abl\u00e4ufe f\u00fcr eine optimale Behandlung.<\/p>\n<p><a href=\"https:\/\/www.spitalwallis.ch\/spital-wallis\/news\/artikeldetails\/2023\/5\/10\/neues-angebot-im-bereich-der-medizinisch-pflegerischen-versorgung-fuer-kleine-chirurgische-eingriffe-im-spital-siders\" target=\"_blank\" rel=\"noopener\">Mehr<\/a><\/p>\n<h3>Eine Transposition der Geb\u00e4rmutter zum Erhalt der Fruchtbarkeit als Schweizer Premiere<\/h3>\n<p>Die Transposition der Geb\u00e4rmutter in den oberen Teil des Bauchs stellt einen wichtigen Fortschritt f\u00fcr die Erhaltung der Fruchtbarkeit bei Frauen mit Enddarmkrebs dar, die sich einer Strahlentherapie im Beckenbereich unterziehen m\u00fcssen. Dieses neue Verfahren, das seit 2017 weltweit rund 20 Mal eingesetzt wurde, wurde im M\u00e4rz 2023 in Sitten zum ersten Mal in der Schweiz von einem Chirurgie- und Gyn\u00e4kologie-Team des Spitalzentrums des franz\u00f6sischsprachigen Wallis durchgef\u00fchrt. Bei diesem Verfahren werden die Geb\u00e4rmutter und die Eierst\u00f6cke vor\u00fcbergehend ausserhalb des Bestrahlungsbereichs im oberen Teil des Bauchs gelagert. Nach Abschluss der Strahlentherapie werden die Geb\u00e4rmutter und die Eierst\u00f6cke wieder an ihrer normalen Position im Becken platziert.<\/p>\n<p><a href=\"https:\/\/www.spitalwallis.ch\/spital-wallis\/news\/artikeldetails\/2023\/5\/25\/premiere-in-der-schweiz\" target=\"_blank\" rel=\"noopener\">Mehr<\/a><\/p>\n<p>[\/et_pb_text][et_pb_text _builder_version=&#8221;4.25.0&#8243; _module_preset=&#8221;default&#8221; header_2_text_color=&#8221;#E02B20&#8243; text_orientation=&#8221;justified&#8221; width=&#8221;100%&#8221; max_width=&#8221;100%&#8221; module_alignment=&#8221;center&#8221; global_colors_info=&#8221;{}&#8221;]<\/p>\n<h2><strong>JUNI<\/strong><\/h2>\n<h3>Verbesserung der Arbeitsbedingungen des Pflegepersonals<\/h3>\n<p>Der Kanton hat beschlossen, erhebliche Mittel zur Verbesserung der Arbeitsbedingungen des Pflegepersonals des Spital Wallis, der Alters- und Pflegeheime und der SMZ zu investieren. Vor dem Hintergrund der Engp\u00e4sse, die sowohl den Pflege- als auch den Bildungsbereich betreffen, hat der Staatsrat wichtige Ma\u00dfnahmen f\u00fcr diese beiden Sektoren ergriffen. So hat der Kanton beschlossen, erhebliche Mittel zur Verbesserung der Arbeitsbedingungen des Pflegepersonals des Spital Wallis, der Alters- und Pflegeheime und der SMZ zu investieren.<\/p>\n<p><a href=\"https:\/\/www.spitalwallis.ch\/spital-wallis\/news\/artikeldetails\/2023\/6\/12\/amelioration-des-conditions-de-travail-du-personnel-soignant\" target=\"_blank\" rel=\"noopener\">Mehr<\/a><\/p>\n<p>[\/et_pb_text][et_pb_text _builder_version=&#8221;4.25.0&#8243; _module_preset=&#8221;default&#8221; header_2_text_color=&#8221;#E02B20&#8243; text_orientation=&#8221;justified&#8221; width=&#8221;100%&#8221; max_width=&#8221;100%&#8221; module_alignment=&#8221;center&#8221; custom_padding=&#8221;||0px|||&#8221; global_colors_info=&#8221;{}&#8221;]<\/p>\n<h2>JULI<\/h2>\n<h3>Spitalzentrum Oberwallis: Daniel Widrig Gewinner des Wettbewerbs \u00abKunst und Architektur\u00bb<\/h3>\n<p>Daniel Widrig gewann mit seinem Projekt \u00abResilient Vessels: A Tribute to Healing and Transformation\u00bb den Wettbewerb \u00abKunst und Architektur\u00bb des neuen Spitalzentrums Oberwallis \u00abszo-united\u00bb. An dem Wettbewerb \u00abKunst und Architektur\u00bb nahmen 15 K\u00fcnstlerinnen und K\u00fcnstler teil; sechs Kandidatinnen und Kandidaten hatten die M\u00f6glichkeit, ihre Kreativit\u00e4t in diesem internationalen Auswahlverfahren unter Beweis <span>zu stellen.<\/span><\/p>\n<p><a href=\"https:\/\/www.spitalwallis.ch\/spital-wallis\/news\/artikeldetails\/2023\/7\/12\/szo-united-das-neue-spitalzentrum-oberwallis-sanierung-umbau-und-erweiterung\" target=\"_blank\" rel=\"noopener\">Mehr<\/a><\/p>\n<p>[\/et_pb_text][et_pb_text _builder_version=&#8221;4.25.0&#8243; _module_preset=&#8221;default&#8221; text_font=&#8221;||||||||&#8221; header_font=&#8221;|||on|||||&#8221; header_2_text_color=&#8221;#E02B20&#8243; text_orientation=&#8221;justified&#8221; width=&#8221;100%&#8221; max_width=&#8221;100%&#8221; module_alignment=&#8221;center&#8221; global_colors_info=&#8221;{}&#8221;]<\/p>\n<h2><strong>AUGUST<\/strong><\/h2>\n<h3>H\u00f6here Zulagen f\u00fcr Nacht-, Wochenend- und Feiertagsarbeit<\/h3>\n<p>Im Rahmen der Umsetzung der Pflegeinitiative und im Hinblick auf eine bessere Ber\u00fccksichtigung und Aufwertung der unregelm\u00e4ssigen Arbeitszeiten sowie der Nacht-, Wochenend- und Feiertagsarbeit hatte der Staatsrat auf Vorschlag des Spital Wallis beschlossen, die entsprechenden Zulagen f\u00fcr das gesamte, dem Gesamtarbeitsvertrag (GAV) unterliegende Personal zu erh\u00f6hen. Diese auf 1 Franken pro Stunde festgelegte Erh\u00f6hung trat Ende August r\u00fcckwirkend zum 1. Januar 2023 in Kraft und wurde zun\u00e4chst vom Kanton finanziert.<\/p>\n<p><a href=\"https:\/\/www.spitalwallis.ch\/spital-wallis\/news\/artikeldetails\/2023\/8\/17\/augmentation-des-allocations-pour-travail-de-nuit-de-week-end-et-de-jours-feries\" target=\"_blank\" rel=\"noopener\">Mehr<\/a><\/p>\n<h3>Ernennungen in den Verwaltungsrat<\/h3>\n<p>Der Staatsrat erneuerte den Verwaltungsrat des Spital Wallis und ernannte drei neue Mitglieder, die ihr Amt am 1. Januar 2024 antraten. Verena Sarbach-Bodenm\u00fcller, Alain de Preux und Bernard Monnet, die seit dem 1. Januar 2012 im Amt waren, hatten die gesetzlich vorgeschriebene H\u00f6chstdauer von drei Amtsperioden erreicht. Um sie zu ersetzen, ernannte der Staatsrat folgende Personen: B\u00e9atrice Kalbermatten: wohnhaft in T\u00f6rbel und ausgebildete Krankenschwester, derzeit Dozentin an der HES-SO Valais-Wallis im Studiengang Krankenpflege; Beno\u00eet Bender: wohnhaft in Martinach, diplomierter Treuhandexperte, Direktor einer Treuhandgesellschaft, derzeit auch Pr\u00e4sident der Walliser Vereinigung der SMZ und Mitglied des Gro\u00dfen Rates; Mauro Poggia: wohnhaft in Genf, Rechtsanwalt, ehemaliger Pr\u00e4sident des Schweizerischen Versicherungsverbands und ehemaliger Staatsrat, zust\u00e4ndig f\u00fcr das Gesundheitswesen des Kantons Genf.<\/p>\n<p>[\/et_pb_text][\/et_pb_column][et_pb_column type=&#8221;1_3&#8243; _builder_version=&#8221;4.16&#8243; _module_preset=&#8221;default&#8221; global_colors_info=&#8221;{}&#8221;][et_pb_text _builder_version=&#8221;4.25.0&#8243; _module_preset=&#8221;default&#8221; header_2_text_color=&#8221;#E02B20&#8243; text_orientation=&#8221;justified&#8221; width=&#8221;100%&#8221; max_width=&#8221;100%&#8221; module_alignment=&#8221;center&#8221; global_colors_info=&#8221;{}&#8221;]<\/p>\n<h2><strong>SEPTEMBER<\/strong><\/h2>\n<h3>Ausbildung: An\u00e4sthesieabteilung des CHVR schliesst sich Universit\u00e4tsspit\u00e4lern an<\/h3>\n<p>Das Schweizerische Institut f\u00fcr \u00e4rztliche Weiter- und Fortbildung hat die Ausbildungskategorie der Abteilung f\u00fcr An\u00e4sthesiologie und Reanimation des Spitalzentrums des franz\u00f6sischsprachigen Wallis (CHVR) von A2 auf A1 hochgestuft. Diese Kategorie bedeutet, dass die Ausbildungskriterien dieselben sind wie f\u00fcr Universit\u00e4tsspit\u00e4ler und dass das CHVR nun \u00c4rztinnen und \u00c4rzte innerhalb eines Zeitraums von dreieinhalb Jahren ausbilden kann. Damit ist das Spital Wallis neben Lausanne und Genf das dritte Spital in der Westschweiz, das diese Anerkennung erhalten hat.<\/p>\n<p><a href=\"https:\/\/www.spitalwallis.ch\/spital-wallis\/news\/artikeldetails\/2023\/9\/5\/weiterbildung-die-abteilung-anaesthesie-des-chvr-schliesst-zu-den-universitaetsspitaelern-auf\" target=\"_blank\" rel=\"noopener\">Mehr<\/a><\/p>\n<h3>Grundsteinlegung f\u00fcr das neue Spitalzentrum \u00abSZO United\u00bb in Brig<\/h3>\n<p>Das Spitalzentrum Oberwallis (SZO) gab am 14. September im Rahmen einer Feier mit Vertretern der politischen Beh\u00f6rden und des Spital Wallis den Startschuss f\u00fcr den Neubau. F\u00fcr das SZO stellte dieser symbolische Schritt nicht nur den Abschluss eines langen Vorbereitungsprozesses, sondern auch den eigentlichen Baubeginn f\u00fcr eine zeitgem\u00e4sse Infrastruktur f\u00fcr die Gesundheitsversorgung der Menschen im Oberwallis dar.<\/p>\n<p><a href=\"https:\/\/www.spitalwallis.ch\/spital-wallis\/news\/artikeldetails\/2023\/9\/15\/grundsteinlegung-fuer-den-neuen-spitalbau-szo-united-am-standort-brig\" target=\"_blank\" rel=\"noopener\">Mehr<\/a><\/p>\n<p>[\/et_pb_text][et_pb_text _builder_version=&#8221;4.25.0&#8243; _module_preset=&#8221;default&#8221; header_2_text_color=&#8221;#E02B20&#8243; text_orientation=&#8221;justified&#8221; width=&#8221;100%&#8221; max_width=&#8221;100%&#8221; module_alignment=&#8221;center&#8221; global_colors_info=&#8221;{}&#8221;]<\/p>\n<h2><strong>OKTOBER<\/strong><\/h2>\n<h3>Umzug des Kompetenzzentrums f\u00fcr Psychiatrie und Psychotherapie in Sitten<\/h3>\n<p>Das Kompetenzzentrum f\u00fcr Psychiatrie und Psychotherapie (CCPP) in Sitten ist an die Avenue de Tourbillon 13 umgezogen. Diese zentralere Lage bietet den Patientinnen und Patienten mehr Bequemlichkeit und st\u00e4rkt gleichzeitig die Versorgung im Bereich der ambulanten Psychiatrie und Psychotherapie. An seiner neuen Adresse trifft das Zentrum mit mehreren Partnern wie Pro Senectute, dem Verein der Walliser Alters- und Pflegeheime (AVALEMS), der Walliser Vereinigung der SMZ, der Vereinigung Betreuende Angeh\u00f6rige Wallis, der Vereinigung Benevoles Valais-Wallis oder der SOMEKO zusammen.<\/p>\n<p>&nbsp;<\/p>\n<h3>Poliklinik f\u00fcr Gyn\u00e4kologie und Geburtshilfe: Erweiterte Leistungen im Spital Martinach<\/h3>\n<p>Die gyn\u00e4kologisch-geburtshilfliche Sparte des Spitalzentrums des franz\u00f6sischsprachigen Wallis (CHVR) empf\u00e4ngt Patientinnen in Sitten und Martinach. Seit September 2023 ist die Verf\u00fcgbarkeit des medizinisch-pflegerischen Teams am Standort des Spitals Martinach ausgebaut worden (von 60% auf 90%), um den Anfragen von Patientinnen und \u00c4rzten aus dem Unterwallis gerecht zu werden. Mit einem qualifizierten und erfahrenen \u00c4rzte- und Pflegeteam (Gyn\u00e4kologe, Krankenschwester, Hebamme und medizinische Assistentin) bietet die Poliklinik zahlreiche Leistungen im Bereich der Gyn\u00e4kologie an: Vorsorgeuntersuchungen f\u00fcr Geb\u00e4rmutterhals-, Geb\u00e4rmutter- und Brustkrebs, spezielle urogyn\u00e4kologische Konsultationen, die bei Bedarf mit einer urodynamischen Untersuchung verbunden sind.<\/p>\n<p>&nbsp;<\/p>\n<h3>Bereits 500 vNOTES1-Operationen im Spitalzentrum des franz\u00f6sischsprachigen Wallis<\/h3>\n<p>Mit \u00fcber 500 Operationen bis Oktober 2023 ist das Spitalzentrum des franz\u00f6sischsprachigen Wallis durch seine Abteilung f\u00fcr Gyn\u00e4kologie und Geburtshilfe zum f\u00fchrenden Zentrum bez\u00fcglich der Erfahrung und der Anzahl der durchgef\u00fchrten Eingriffe geworden. Dieser innovative chirurgische Ansatz wird Patientinnen mit gyn\u00e4kologischen Erkrankungen seit Mai 2020 am Spital Wallis angeboten.<\/p>\n<p>[\/et_pb_text][et_pb_text _builder_version=&#8221;4.25.0&#8243; _module_preset=&#8221;default&#8221; header_2_text_color=&#8221;#E02B20&#8243; text_orientation=&#8221;justified&#8221; width=&#8221;100%&#8221; max_width=&#8221;100%&#8221; module_alignment=&#8221;center&#8221; custom_margin=&#8221;||0px|||&#8221; custom_padding=&#8221;0px|||||&#8221; global_colors_info=&#8221;{}&#8221;]<\/p>\n<h2>NOVEMBER<\/h2>\n<h3>Healthcare innovation event \u2013 Die KI in der klinischen Praxis<\/h3>\n<p>Die der Innovation im Gesundheitswesen gewidmete und vom Zentrum f\u00fcr klinische Forschung und Innovation (CRIC) des Spital Wallis organisierte Konferenz und Master Class brachten am 23. November im Spital Sitten zahlreiche Akteure des Gesundheitswesens zusammen. Klinische Forschung und Innovation sind untrennbar miteinander verbunden und spielen f\u00fcr den Fortschritt in medizinischer Praxis und Technologie eine entscheidende Rolle. Im Rahmen dieser Veranstaltung wurde die K\u00fcnstliche Intelligenz in der klinischen Praxis von Dr. Abderrahmane Hedjoudje, Assistenzarzt, Abteilung f\u00fcr diagnostische und interventionelle Bildgebung, Spitalzentrum des franz\u00f6sischsprachigen Wallis, und von C\u00e9dric Villani, franz\u00f6sischer Mathematiker und Politiker, beleuchtet. fran\u00e7ais.<\/p>\n<p><a href=\"https:\/\/www.spitalwallis.ch\/spital-wallis\/news\/artikeldetails\/2023\/11\/14\/healthcare-innovation-event-2023\" target=\"_blank\" rel=\"noopener\">Mehr<\/a><\/p>\n<h3>Neue chirurgische Tagesklinik in Martinach<\/h3>\n<p>Seit Anfang Herbst erm\u00f6glicht die neue chirurgische Tagesklinik, die sich in unmittelbarer N\u00e4he des Operationssaals befindet, eine optimierte Betreuung von Patientinnen und Patienten, die einen ambulanten chirurgischen Eingriff ben\u00f6tigen. Sie bietet sowohl f\u00fcr die Patientinnen und Patienten als auch f\u00fcr die Pflege- und Operationsteams deutliche Vorteile in Bezug auf den Behandlungsfluss und die Kontinuit\u00e4t der Versorgung.<\/p>\n<p>[\/et_pb_text][\/et_pb_column][\/et_pb_row][et_pb_row module_id=&#8221;scroll&#8221; _builder_version=&#8221;4.25.0&#8243; _module_preset=&#8221;default&#8221; custom_margin=&#8221;0px||0px||false|false&#8221; custom_padding=&#8221;0px||0px||false|false&#8221; global_colors_info=&#8221;{}&#8221;][et_pb_column type=&#8221;4_4&#8243; module_id=&#8221;scroll&#8221; _builder_version=&#8221;4.16&#8243; _module_preset=&#8221;default&#8221; global_colors_info=&#8221;{}&#8221;][et_pb_blurb use_icon=&#8221;on&#8221; font_icon=&#8221;&#x3b;||divi||400&#8243; icon_color=&#8221;#E02B20&#8243; image_icon_background_color=&#8221;RGBA(0,0,0,0)&#8221; image_icon_width=&#8221;48px&#8221; _builder_version=&#8221;4.25.0&#8243; _module_preset=&#8221;default&#8221; header_text_color=&#8221;#FFFFFF&#8221; header_font_size=&#8221;35px&#8221; image_icon_custom_padding=&#8221;25px|25px|25px|25px|false|false&#8221; custom_margin=&#8221;0px||0px||false|false&#8221; custom_padding=&#8221;0px||0px||false|false&#8221; link_option_url=&#8221;#gestion&#8221; border_radii_image=&#8221;on|100%|100%|100%|100%&#8221; border_width_all_image=&#8221;3px&#8221; border_color_all_image=&#8221;RGBA(0,0,0,0)&#8221; use_circle=&#8221;on&#8221; use_circle_border=&#8221;on&#8221; circle_border_color=&#8221;RGBA(0,0,0,0)&#8221; circle_color=&#8221;RGBA(0,0,0,0)&#8221; global_colors_info=&#8221;{}&#8221; image_icon_background_color__sticky_enabled=&#8221;#e02b20&#8243; image_icon_background_color__sticky=&#8221;#e02b20&#8243;][\/et_pb_blurb][\/et_pb_column][\/et_pb_row][\/et_pb_section][et_pb_section fb_built=&#8221;1&#8243; _builder_version=&#8221;4.25.0&#8243; _module_preset=&#8221;default&#8221; background_color=&#8221;#E02B20&#8243; background_enable_image=&#8221;off&#8221; background_position=&#8221;top_left&#8221; background_vertical_offset=&#8221;45%&#8221; width=&#8221;100%&#8221; overflow-x=&#8221;hidden&#8221; custom_margin=&#8221;0px||||false|false&#8221; custom_padding=&#8221;250px||50px||false|false&#8221; top_divider_style=&#8221;slant&#8221; top_divider_color=&#8221;#FFFFFF&#8221; top_divider_height=&#8221;165px&#8221; top_divider_repeat=&#8221;0x&#8221; top_divider_flip=&#8221;horizontal&#8221; bottom_divider_color=&#8221;#FFFFFF&#8221; bottom_divider_height=&#8221;150px&#8221; bottom_divider_flip=&#8221;horizontal&#8221; motion_trigger_start=&#8221;top&#8221; locked=&#8221;off&#8221; global_colors_info=&#8221;{}&#8221;][et_pb_row make_equal=&#8221;on&#8221; module_id=&#8221;gestion&#8221; _builder_version=&#8221;4.25.0&#8243; _module_preset=&#8221;default&#8221; width=&#8221;100%&#8221; max_width=&#8221;90%&#8221; locked=&#8221;off&#8221; global_colors_info=&#8221;{}&#8221;][et_pb_column type=&#8221;4_4&#8243; _builder_version=&#8221;4.21.0&#8243; _module_preset=&#8221;default&#8221; global_colors_info=&#8221;{}&#8221;][et_pb_text _builder_version=&#8221;4.25.0&#8243; _module_preset=&#8221;default&#8221; text_font=&#8221;||||||||&#8221; text_text_color=&#8221;#FFFFFF&#8221; header_font=&#8221;|||on|||||&#8221; header_text_color=&#8221;#FFFFFF&#8221; background_enable_color=&#8221;off&#8221; background_layout=&#8221;dark&#8221; module_alignment=&#8221;center&#8221; global_colors_info=&#8221;{}&#8221;]<\/p>\n<h1>GESCH\u00c4FTSF\u00dcHRUNG DES SPITAL WALLIS IM JAHR 2023<\/h1>\n<h2>Die Grenzen des Systems sind erreicht<\/h2>\n<p><span>Was sich in den letzten Jahren abgezeichnet hat, wird nun zur bitteren Realit\u00e4t. Der rasche Kostenanstieg kann nicht mehr durch die vom Spital Wallis erwirtschafteten Ertr\u00e4ge gedeckt werden. Das Defizit von CHF 11.3 Millionen zeigt dies deutlich, noch alarmierender ist jedoch der R\u00fcckgang der von der Organisation selbst erwirtschafteten Ressourcen (EBITDAR) zur Finanzierung aktueller und zuk\u00fcnftiger Investitionen.<\/span><br \/><span>Das Jahr 2023 zeigt, dass sich das Spital Wallis in einer sehr prek\u00e4ren Finanzlage befindet. Der starke Anstieg der Inflation innerhalb eines sehr kurzen Zeitraums sowie der massive Anstieg der Baukosten auf den Baustellen in Sitten und Brig stellen das Spital Wallis vor extrem gro\u00dfe finanzielle Herausforderungen. Hinzu kommt ein Mangel an qualifiziertem Personal und eine steigende Zahl von Mitarbeitenden, die das Spital verlassen oder sogar ganz aus ihrem Beruf ausscheiden.<\/span><br \/><span>Um dieser Entwicklung entgegenzuwirken, wurden mehrere Initiativen und \u00dcberlegungen wie z. B. die Pflegeinitiative erfolgreich abgeschlossen. So wurden zwischen 2022 und 2023 verschiedene Lohnerh\u00f6hungen umgesetzt.<\/span><br \/><span>2022 legte das Spital Wallis in enger Zusammenarbeit mit dem Kanton und den Sozialpartnern mehrere Ma\u00dfnahmen fest, um die Arbeitsbedingungen seines Personals weiter zu verbessern (Verg\u00fctung der Umkleidezeit in Form von pauschalen Zeitgutschriften, eine Lohnerh\u00f6hung f\u00fcr das Pflegepersonal trat ab dem 1. Juli 2022 in Kraft). Im Jahr 2023 wurden die Pikettentsch\u00e4digungen und die Grundgeh\u00e4lter des Pflegepersonals und des medizinisch-technischen Personals erh\u00f6ht, was zu einer zus\u00e4tzlichen Belastung von CHF 7 Millionen f\u00fchrte (Pflegeinitiative \u2013 wird aktuell durch eine spezifische GWL finanziert). F\u00fcr die L\u00f6hne 2023 beschloss der Staatsrat, den gesamten VPI-Anstieg f\u00fcr das Jahr 2023 zu \u00fcbernehmen, d. h. 2,8%, was einem Betrag von CHF 13.4 Millionen entspricht. Eine weitere wichtige Ma\u00dfnahme ist die schrittweise Umsetzung der Pflegeinitiative durch die St\u00e4rkung der medizinisch-pflegerischen Ressourcen, aber auch durch die Aufstockung der Stellen beim Haus- und K\u00fcchenpersonal sowie bei den Verwaltungsangestellten in den Spitalzentren mit dem Ziel, die Gesundheitsfachkr\u00e4fte zu entlasten. Diese Ma\u00dfnahmen erkl\u00e4ren einen erheblichen Teil der Personalaufstockung im Jahr 2023.<\/span><br \/><span>Die Teuerung wirkte sich auch auf andere Kostenfaktoren des HVS aus. Ob Material, Verbrauchsmaterialien oder auch Energie \u2013 viele Bereiche sind seit Beginn der COVID-Krise und dem Krieg in der Ukraine mehr oder weniger stark betroffen. So sind beispielsweise die energiebezogenen Kosten (Strom, Gas und Fernw\u00e4rme) im Vergleich zu 2022 um CHF 1.3 Millionen gestiegen. Dieser Preisanstieg (gesch\u00e4tzter Preiseffekt von +20% f\u00fcr Strom) konnte durch eine Verringerung des Verbrauchs um rund 5% teilweise aufgefangen werden.<\/span><br \/><span>Wie erwartet fanden im Jahr 2023 mehrere Zinserh\u00f6hungen statt. Diese Erh\u00f6hungen schlugen im Jahr 2023 mit etwa CHF 1 Million zu Buche. Da in den kommenden Jahren im Rahmen von Erweiterungsprojekten zus\u00e4tzliche Mittel abgerufen werden m\u00fcssen, werden die Finanzierungskosten weiter steigen.<\/span><br \/><span>Diese verschiedenen gerechtfertigten Ma\u00dfnahmen zur Erhaltung der Attraktivit\u00e4t der Berufe im Gesundheitssektor sind jedoch nicht kostenlos, wie die genannten Zahlen deutlich zeigen. Wenn wir die derzeitige Qualit\u00e4t und Verf\u00fcgbarkeit der Gesundheitsversorgung gew\u00e4hrleisten wollen, m\u00fcssen wir auch bei der Finanzierung bereit sein, die erforderlichen Mittel zur Verf\u00fcgung zu stellen. In diesem Bereich m\u00fcssen alle beteiligten Akteure offene und l\u00f6sungsorientierte Gespr\u00e4che f\u00fchren, um gemeinsam nach Antworten zu suchen.<\/span><br \/><span>All diese teuerungsbedingten Kostenentwicklungen f\u00fchren heute leider nicht zu einer entsprechenden Tarifanpassung. Die in einigen Bereichen seit Jahren blockierte Tarifpartnerschaft erweist sich hier als einer der gro\u00dfen Problemfaktoren. Das seit mehreren Jahren laufende Verfahren zur Festlegung des Tarmed-Punktwerts 2017 zeigt dies eindr\u00fccklich. Allein diese seit Jahren ungen\u00fcgende Tarifabdeckung kostet das Spital Wallis derzeit rund CHF 15 Millionen pro Jahr! Und mit der f\u00fcr die kommenden Jahre prognostizierten anhaltenden Teuerung wird dieses Defizit noch weiter steigen \u2013 eine Situation, die nicht mehr tragbar ist.<\/span><br \/><span>Zu dieser Problematik der Unterfinanzierung kommt noch das seit Jahren bekannte Problem im Bereich Bildung und Forschung hinzu. Auch hier sieht sich das Spital Wallis mit ungedeckten Kosten von mehreren Millionen Franken j\u00e4hrlich konfrontiert (siehe Gesch\u00e4ftsbericht 2019 \u2013 Die Finanzierung der sogenannten \u00abgemeinwohlorientierten\u00bb Aktivit\u00e4ten \u2013 auch in diesem Bereich eine echte Herausforderung f\u00fcr das Spital Wallis).<\/span><br \/><span>Unter diesen aktuellen Finanzbedingungen erzielt das HVS ein deutlich zu niedrig ausfallender EBITDAR (CHF 21.2 Mio. bzw. 2.5% des Umsatzes), um die ordentlichen Investitionen durch vom Spital selbst erwirtschaftete Mittel decken zu k\u00f6nnen. Eine Verschuldung ist daher unumg\u00e4nglich. Allerdings widerspricht dieser Umstand der allgemeinen Investitionsstrategie des HVS. Dar\u00fcber hinaus war es aufgrund der unzureichenden selbst erwirtschafteten Mittel infolge der erw\u00e4hnten Kostensteigerung und der unzureichenden Finanzierung erstmals nicht m\u00f6glich, dem Investitionsfonds den geplanten Betrag zuzuweisen. Sollte es bei diesem einmaligen Vorkommen bleiben, k\u00f6nnte dieser Umstand verkraftet werden. Sollte die Situation allerdings anhalten, w\u00fcrde das seit 2012 erwirtschaftete Eigenkapital drastisch sinken und die Investitionsf\u00e4higkeit des Spital Wallis w\u00e4re folglich gef\u00e4hrdet.<\/span><\/p>\n<p><span>Die bereits prek\u00e4re Finanzlage und die wenig erfreulichen Aussichten f\u00fcr das Spital Wallis \u2013 wie auch f\u00fcr viele andere Spit\u00e4ler \u2013 erfordern rasche und konsequente Ma\u00dfnahmen. Das Spital Wallis hat bereits Ma\u00dfnahmen zur Kostensenkung ergriffen und Streichungen bei den Investitionen in Erw\u00e4gung gezogen. Diese Investitionsk\u00fcrzungen ohne gleichzeitige Gef\u00e4hrdung der Mission und der Leistungsqualit\u00e4t wird eine \u00e4u\u00dferst heikle Herausforderung darstellen.<\/span><\/p>\n<p><span>Die Spit\u00e4ler befinden sich daher quasi auf der Intensivstation&#8230;<\/span><\/p>\n<p>[\/et_pb_text][\/et_pb_column][\/et_pb_row][et_pb_row module_id=&#8221;scroll&#8221; _builder_version=&#8221;4.25.0&#8243; _module_preset=&#8221;default&#8221; custom_margin=&#8221;||0px||false|false&#8221; custom_padding=&#8221;||0px||false|false&#8221; locked=&#8221;off&#8221; global_colors_info=&#8221;{}&#8221;][et_pb_column type=&#8221;4_4&#8243; module_id=&#8221;scroll&#8221; _builder_version=&#8221;4.16&#8243; _module_preset=&#8221;default&#8221; global_colors_info=&#8221;{}&#8221;][et_pb_blurb use_icon=&#8221;on&#8221; font_icon=&#8221;&#x3b;||divi||400&#8243; icon_color=&#8221;#FFFFFF&#8221; image_icon_background_color=&#8221;RGBA(0,0,0,0)&#8221; image_icon_width=&#8221;48px&#8221; _builder_version=&#8221;4.25.0&#8243; _module_preset=&#8221;default&#8221; header_text_color=&#8221;#FFFFFF&#8221; header_font_size=&#8221;35px&#8221; image_icon_custom_padding=&#8221;25px|25px|25px|25px|false|false&#8221; custom_margin=&#8221;0px||0px||false|false&#8221; custom_padding=&#8221;0px||0px||false|false&#8221; link_option_url=&#8221;#details&#8221; border_radii_image=&#8221;on|100%|100%|100%|100%&#8221; border_width_all_image=&#8221;3px&#8221; border_color_all_image=&#8221;RGBA(0,0,0,0)&#8221; use_circle=&#8221;on&#8221; use_circle_border=&#8221;on&#8221; circle_border_color=&#8221;RGBA(0,0,0,0)&#8221; circle_color=&#8221;RGBA(0,0,0,0)&#8221; global_colors_info=&#8221;{}&#8221; image_icon_background_color__sticky_enabled=&#8221;#e02b20&#8243; image_icon_background_color__sticky=&#8221;#e02b20&#8243;][\/et_pb_blurb][\/et_pb_column][\/et_pb_row][\/et_pb_section][et_pb_section fb_built=&#8221;1&#8243; module_id=&#8221;details&#8221; _builder_version=&#8221;4.25.0&#8243; _module_preset=&#8221;default&#8221; background_color=&#8221;#E02B20&#8243; background_enable_image=&#8221;off&#8221; background_position=&#8221;top_left&#8221; width=&#8221;100%&#8221; max_width=&#8221;100%&#8221; overflow-x=&#8221;hidden&#8221; overflow-y=&#8221;hidden&#8221; custom_margin=&#8221;0px|0px|0px|0px|false|false&#8221; custom_padding=&#8221;0px|0px|0px|0px|false|false&#8221; top_divider_style=&#8221;slant&#8221; top_divider_color=&#8221;#E02B20&#8243; top_divider_height=&#8221;150px&#8221; top_divider_repeat=&#8221;0x&#8221; top_divider_flip=&#8221;horizontal&#8221; top_divider_arrangement=&#8221;above_content&#8221; bottom_divider_style=&#8221;slant&#8221; bottom_divider_color=&#8221;#E02B20&#8243; bottom_divider_height=&#8221;150px&#8221; bottom_divider_flip=&#8221;horizontal&#8221; bottom_divider_arrangement=&#8221;above_content&#8221; global_colors_info=&#8221;{}&#8221;][et_pb_row column_structure=&#8221;1_3,1_3,1_3&#8243; use_custom_gutter=&#8221;on&#8221; make_equal=&#8221;on&#8221; _builder_version=&#8221;4.25.0&#8243; _module_preset=&#8221;default&#8221; background_color=&#8221;#E02B20&#8243; positioning=&#8221;none&#8221; width=&#8221;100%&#8221; max_width=&#8221;90%&#8221; module_alignment=&#8221;center&#8221; overflow-x=&#8221;hidden&#8221; overflow-y=&#8221;hidden&#8221; custom_margin=&#8221;||||false|false&#8221; custom_padding=&#8221;0px|0px|0px|0px|false|false&#8221; scroll_blur_enable=&#8221;on&#8221; scroll_blur=&#8221;44|44|100|100|10|0|0&#8243; motion_trigger_start=&#8221;top&#8221; global_colors_info=&#8221;{}&#8221; custom_padding__hover_enabled=&#8221;off|desktop&#8221;][et_pb_column type=&#8221;1_3&#8243; _builder_version=&#8221;4.16&#8243; _module_preset=&#8221;default&#8221; background_color=&#8221;#ececeb&#8221; custom_padding=&#8221;0vw||0px||false|false&#8221; global_colors_info=&#8221;{}&#8221;][et_pb_image src=&#8221;https:\/\/rapport.hopitalvs.ch\/wp-content\/uploads\/2024\/05\/Lit-1.jpg&#8221; title_text=&#8221;Lit&#8221; force_fullwidth=&#8221;on&#8221; _builder_version=&#8221;4.25.0&#8243; _module_preset=&#8221;default&#8221; position_origin_a=&#8221;center_left&#8221; module_alignment=&#8221;center&#8221; overflow-x=&#8221;hidden&#8221; overflow-y=&#8221;hidden&#8221; global_colors_info=&#8221;{}&#8221;][\/et_pb_image][et_pb_text _builder_version=&#8221;4.25.0&#8243; _module_preset=&#8221;9b284cb0-31f4-4013-a920-31da778bfd4e&#8221; custom_padding=&#8221;1px|50px|0px|50px|false|false&#8221; global_colors_info=&#8221;{}&#8221;]<\/p>\n<h2>AKTIVIT\u00c4T<\/h2>\n<ul>\n<li>Akutpflege (station\u00e4r)<\/li>\n<li>Chronische Pflege (station\u00e4r)<\/li>\n<li>Ambulante T\u00e4tigkeit<\/li>\n<li>T\u00e4tigkeit des Zentralinstituts der Spit\u00e4ler<\/li>\n<\/ul>\n<p>[\/et_pb_text][et_pb_button button_url=&#8221;https:\/\/rapport.hopitalvs.ch\/wp-content\/uploads\/2024\/05\/Activites_de.pdf&#8221; url_new_window=&#8221;on&#8221; button_text=&#8221;Weitere Details&#8221; _builder_version=&#8221;4.25.1&#8243; _module_preset=&#8221;3f730f3e-0a37-424b-9820-246fdb32d57b&#8221; custom_margin=&#8221;20px|50px|80px|50px|false|false&#8221; hover_enabled=&#8221;0&#8243; global_colors_info=&#8221;{}&#8221; sticky_enabled=&#8221;0&#8243;][\/et_pb_button][\/et_pb_column][et_pb_column type=&#8221;1_3&#8243; _builder_version=&#8221;4.16&#8243; _module_preset=&#8221;default&#8221; background_color=&#8221;#ececeb&#8221; custom_padding=&#8221;0vw||||false|false&#8221; global_colors_info=&#8221;{}&#8221;][et_pb_image src=&#8221;https:\/\/rapport.hopitalvs.ch\/wp-content\/uploads\/2024\/05\/construction.jpg&#8221; title_text=&#8221;construction&#8221; force_fullwidth=&#8221;on&#8221; _builder_version=&#8221;4.25.0&#8243; _module_preset=&#8221;default&#8221; global_colors_info=&#8221;{}&#8221;][\/et_pb_image][et_pb_text _builder_version=&#8221;4.25.0&#8243; _module_preset=&#8221;9b284cb0-31f4-4013-a920-31da778bfd4e&#8221; global_colors_info=&#8221;{}&#8221;]<\/p>\n<h2>Strategische Bauprojekte<\/h2>\n<p>2023 konzentrierten sich die Arbeiten des Lenkungsaus-schusses auf die Projekte an den Standorten Brig und Sitten. In diesem Zusammenhang konnten die folgenden Ziele erreicht werden:<\/p>\n<ul>\n<li>Fortf\u00fchrung der Bauarbeiten am Standort Brig;<\/li>\n<li>Fortf\u00fchrung der Erweiterungsarbeiten des Spitals Sitten.<\/li>\n<\/ul>\n<p>[\/et_pb_text][et_pb_button button_url=&#8221;https:\/\/rapport.hopitalvs.ch\/wp-content\/uploads\/2024\/05\/Constructions_DE.pdf&#8221; button_text=&#8221;Weitere Details&#8221; _builder_version=&#8221;4.25.1&#8243; _module_preset=&#8221;3f730f3e-0a37-424b-9820-246fdb32d57b&#8221; custom_margin=&#8221;20px|50px|80px|50px|false|false&#8221; hover_enabled=&#8221;0&#8243; global_colors_info=&#8221;{}&#8221; sticky_enabled=&#8221;0&#8243; url_new_window=&#8221;on&#8221;][\/et_pb_button][\/et_pb_column][et_pb_column type=&#8221;1_3&#8243; _builder_version=&#8221;4.16&#8243; _module_preset=&#8221;default&#8221; background_color=&#8221;#ececeb&#8221; custom_padding=&#8221;||||false|false&#8221; global_colors_info=&#8221;{}&#8221;][et_pb_image src=&#8221;https:\/\/rapport.hopitalvs.ch\/wp-content\/uploads\/2024\/05\/Comptes-1.jpg&#8221; title_text=&#8221;Comptes&#8221; align=&#8221;center&#8221; force_fullwidth=&#8221;on&#8221; _builder_version=&#8221;4.25.0&#8243; _module_preset=&#8221;default&#8221; transform_scale=&#8221;100%|102%&#8221; transform_scale_linked=&#8221;off&#8221; global_colors_info=&#8221;{}&#8221;][\/et_pb_image][et_pb_text _builder_version=&#8221;4.25.0&#8243; _module_preset=&#8221;9b284cb0-31f4-4013-a920-31da778bfd4e&#8221; global_colors_info=&#8221;{}&#8221;]<\/p>\n<h2>Rechnung 2023<\/h2>\n<ul>\n<li>Gesamt\u00fcbersicht<\/li>\n<li>Bilanz &amp; Kennzahlen<\/li>\n<li>Erfolgsrechnung<\/li>\n<li>Anhang zur Jahresrechnung<\/li>\n<\/ul>\n<p>[\/et_pb_text][et_pb_button button_url=&#8221;https:\/\/rapport.hopitalvs.ch\/wp-content\/uploads\/2024\/05\/Comptes_DE.pdf&#8221; button_text=&#8221;Weitere Details&#8221; _builder_version=&#8221;4.25.1&#8243; _module_preset=&#8221;3f730f3e-0a37-424b-9820-246fdb32d57b&#8221; hover_enabled=&#8221;0&#8243; global_colors_info=&#8221;{}&#8221; sticky_enabled=&#8221;0&#8243; url_new_window=&#8221;on&#8221;][\/et_pb_button][\/et_pb_column][\/et_pb_row][\/et_pb_section][et_pb_section fb_built=&#8221;1&#8243; _builder_version=&#8221;4.25.0&#8243; _module_preset=&#8221;default&#8221; background_color=&#8221;#E02B20&#8243; background_enable_image=&#8221;off&#8221; background_position=&#8221;top_left&#8221; width=&#8221;100%&#8221; max_width=&#8221;100%&#8221; overflow-x=&#8221;hidden&#8221; overflow-y=&#8221;hidden&#8221; custom_margin=&#8221;0px|0px|0px|0px|false|false&#8221; custom_padding=&#8221;0px|0px|0px|0px|false|false&#8221; top_divider_style=&#8221;slant&#8221; top_divider_color=&#8221;#E02B20&#8243; top_divider_height=&#8221;150px&#8221; top_divider_repeat=&#8221;0x&#8221; top_divider_flip=&#8221;horizontal&#8221; top_divider_arrangement=&#8221;above_content&#8221; bottom_divider_style=&#8221;slant&#8221; bottom_divider_color=&#8221;#FFFFFF&#8221; bottom_divider_height=&#8221;150px&#8221; bottom_divider_repeat=&#8221;1x&#8221; bottom_divider_flip=&#8221;horizontal&#8221; bottom_divider_arrangement=&#8221;above_content&#8221; global_colors_info=&#8221;{}&#8221;][et_pb_row column_structure=&#8221;1_3,1_3,1_3&#8243; use_custom_gutter=&#8221;on&#8221; make_equal=&#8221;on&#8221; _builder_version=&#8221;4.25.0&#8243; _module_preset=&#8221;default&#8221; background_color=&#8221;#E02B20&#8243; positioning=&#8221;none&#8221; width=&#8221;100%&#8221; max_width=&#8221;90%&#8221; module_alignment=&#8221;center&#8221; overflow-x=&#8221;hidden&#8221; overflow-y=&#8221;hidden&#8221; custom_margin=&#8221;||||false|false&#8221; custom_padding=&#8221;0px|0px|0px|0px|false|false&#8221; global_colors_info=&#8221;{}&#8221; custom_padding__hover_enabled=&#8221;off|desktop&#8221;][et_pb_column type=&#8221;1_3&#8243; _builder_version=&#8221;4.25.0&#8243; _module_preset=&#8221;default&#8221; background_color=&#8221;#ececeb&#8221; custom_padding=&#8221;0px||0px||false|false&#8221; global_colors_info=&#8221;{}&#8221;][et_pb_image src=&#8221;https:\/\/rapport.hopitalvs.ch\/wp-content\/uploads\/2024\/05\/RH-1.jpg&#8221; title_text=&#8221;RH&#8221; align=&#8221;center&#8221; force_fullwidth=&#8221;on&#8221; _builder_version=&#8221;4.25.0&#8243; _module_preset=&#8221;default&#8221; height_tablet=&#8221;830px&#8221; height_phone=&#8221;830px&#8221; height_last_edited=&#8221;on|phone&#8221; custom_padding=&#8221;||||false|false&#8221; global_colors_info=&#8221;{}&#8221;][\/et_pb_image][et_pb_text _builder_version=&#8221;4.25.0&#8243; _module_preset=&#8221;9b284cb0-31f4-4013-a920-31da778bfd4e&#8221; global_colors_info=&#8221;{}&#8221;]<\/p>\n<h2>Personalwesen<\/h2>\n<p>[\/et_pb_text][et_pb_button button_url=&#8221;https:\/\/rapport.hopitalvs.ch\/wp-content\/uploads\/2024\/05\/RH_DE.pdf&#8221; button_text=&#8221;Weitere Details&#8221; _builder_version=&#8221;4.25.1&#8243; _module_preset=&#8221;3f730f3e-0a37-424b-9820-246fdb32d57b&#8221; custom_margin=&#8221;|50px|8em|50px|false|false&#8221; custom_padding=&#8221;||0px||false|false&#8221; hover_enabled=&#8221;0&#8243; global_colors_info=&#8221;{}&#8221; url_new_window=&#8221;on&#8221; sticky_enabled=&#8221;0&#8243;][\/et_pb_button][\/et_pb_column][et_pb_column type=&#8221;1_3&#8243; _builder_version=&#8221;4.25.0&#8243; _module_preset=&#8221;default&#8221; background_color=&#8221;#ececeb&#8221; custom_padding=&#8221;0vw||0px||false|false&#8221; global_colors_info=&#8221;{}&#8221;][et_pb_image src=&#8221;https:\/\/rapport.hopitalvs.ch\/wp-content\/uploads\/2024\/05\/Responsables-1.jpg&#8221; title_text=&#8221;Responsables&#8221; force_fullwidth=&#8221;on&#8221; _builder_version=&#8221;4.25.0&#8243; _module_preset=&#8221;default&#8221; custom_margin=&#8221;||||false|false&#8221; global_colors_info=&#8221;{}&#8221;][\/et_pb_image][et_pb_text _builder_version=&#8221;4.25.0&#8243; _module_preset=&#8221;9b284cb0-31f4-4013-a920-31da778bfd4e&#8221; global_colors_info=&#8221;{}&#8221;]<\/p>\n<h2>Die verantwortlichen Personen<\/h2>\n<p>[\/et_pb_text][et_pb_button button_url=&#8221;https:\/\/rapport.hopitalvs.ch\/wp-content\/uploads\/2024\/05\/Responsables_DE.pdf&#8221; button_text=&#8221;Weitere Details&#8221; _builder_version=&#8221;4.25.1&#8243; _module_preset=&#8221;3f730f3e-0a37-424b-9820-246fdb32d57b&#8221; custom_margin=&#8221;|50px|8em|50px|false|false&#8221; custom_padding=&#8221;||0px||false|false&#8221; hover_enabled=&#8221;0&#8243; global_colors_info=&#8221;{}&#8221; url_new_window=&#8221;on&#8221; sticky_enabled=&#8221;0&#8243;][\/et_pb_button][\/et_pb_column][et_pb_column type=&#8221;1_3&#8243; _builder_version=&#8221;4.25.0&#8243; _module_preset=&#8221;default&#8221; background_color=&#8221;RGBA(255,255,255,0)&#8221; custom_padding=&#8221;0vw||0px||false|false&#8221; global_colors_info=&#8221;{}&#8221;][\/et_pb_column][\/et_pb_row][\/et_pb_section]<\/p>\n","protected":false},"excerpt":{"rendered":"<p>GESCH\u00c4FTSBERICHT 2023EINLEITUNGNach einem Jahr 2022, das wir damals als \u00abWendepunkt zwischen dem Erbe von COVID-19 und den neuen Herausforderungen\u00bb bezeichnet hatten, konnte das Spital Wallis im Gesch\u00e4ftsjahr 2023 einige dieser Herausforderungen bew\u00e4ltigen und gleichzeitig die Zukunft in einem insbesondere in finanzieller Hinsicht schwierigen Umfeld vorbereiten. Im Anschluss an die COVID-Jahre wurde dem Spital Wallis eine [&hellip;]<\/p>\n","protected":false},"author":1,"featured_media":0,"parent":0,"menu_order":0,"comment_status":"closed","ping_status":"closed","template":"","meta":{"_et_pb_use_builder":"on","_et_pb_old_content":"[et_pb_section fb_built=\"1\" prev_background_color=\"#ffffff\" _builder_version=\"4.25.0\" _module_preset=\"default\" background_image=\"https:\/\/rapport.hopitalvs.ch\/wp-content\/uploads\/2024\/04\/20230425-op-huber-fgo-1.jpg\" background_position=\"top_left\" background_vertical_offset=\"45%\" width=\"100%\" overflow-x=\"hidden\" custom_margin=\"0px||||false|false\" custom_padding=\"253px||0px||false|false\" top_divider_style=\"slant\" top_divider_height=\"165px\" top_divider_repeat=\"0x\" bottom_divider_style=\"slant\" bottom_divider_color=\"#E02B20\" bottom_divider_height=\"150px\" motion_trigger_start=\"top\" global_colors_info=\"{}\"][et_pb_row make_equal=\"on\" _builder_version=\"4.16\" _module_preset=\"default\" background_enable_image=\"off\" width=\"100%\" max_width=\"100%\" module_alignment=\"left\" custom_padding=\"||||false|false\" global_colors_info=\"{}\"][et_pb_column type=\"4_4\" _builder_version=\"4.16\" _module_preset=\"default\" global_colors_info=\"{}\"][et_pb_text module_class=\"maintitle\" _builder_version=\"4.25.0\" _module_preset=\"default\" text_font_size=\"56px\" header_font=\"Titillium Web|||on|||||\" header_text_align=\"left\" header_2_text_align=\"left\" text_orientation=\"center\" background_layout=\"dark\" module_alignment=\"left\" custom_margin=\"||6em|40%|false|false\" custom_margin_tablet=\"|||20%|false|false\" custom_margin_phone=\"|||10%|false|false\" custom_margin_last_edited=\"on|phone\" header_font_size_tablet=\"40px\" header_font_size_phone=\"30px\" header_font_size_last_edited=\"on|tablet\" header_2_font_size_tablet=\"40px\" header_2_font_size_phone=\"30px\" header_2_font_size_last_edited=\"on|phone\" header_text_shadow_style=\"preset3\" global_colors_info=\"{}\"]\n<h1>RAPPORT DE GESTION<\/h1>\n<h2><span style=\"color: #e02b20;\">2023<\/span><\/h2>\n[\/et_pb_text][\/et_pb_column][\/et_pb_row][et_pb_row _builder_version=\"4.21.0\" _module_preset=\"default\" width=\"100%\" max_width=\"2351px\" module_alignment=\"left\" custom_margin=\"||||false|false\" custom_padding=\"|||0em|false|false\" scroll_horizontal_motion=\"0|50|50|100|0|0|2\" global_colors_info=\"{}\"][et_pb_column type=\"4_4\" _builder_version=\"4.21.0\" _module_preset=\"default\" transform_scale=\"110%|110%\" transform_translate=\"-373px|-143px\" custom_padding=\"|||0px|false|false\" scroll_horizontal_motion_enable=\"on\" scroll_horizontal_motion=\"0|7|7|100|0|0|1\" scroll_fade_enable=\"on\" global_colors_info=\"{}\"][\/et_pb_column][\/et_pb_row][\/et_pb_section][et_pb_section fb_built=\"1\" module_id=\"introduction\" _builder_version=\"4.21.0\" _module_preset=\"default\" background_color=\"#E02B20\" width=\"100%\" module_alignment=\"center\" custom_margin=\"0px|0px|0px|0px|false|false\" custom_padding=\"20px|0px|0px|0px|false|false\" global_colors_info=\"{}\"][et_pb_row make_equal=\"on\" _builder_version=\"4.16\" _module_preset=\"default\" width=\"100%\" max_width=\"90%\" global_colors_info=\"{}\"][et_pb_column type=\"4_4\" _builder_version=\"4.16\" _module_preset=\"default\" global_colors_info=\"{}\"][et_pb_text _builder_version=\"4.16\" _module_preset=\"default\" text_font=\"|||on|||||\" text_text_color=\"#FFFFFF\" background_enable_color=\"off\" background_layout=\"dark\" global_colors_info=\"{}\"]\n<h1>L'ann\u00e9e 2023<\/h1>\n[\/et_pb_text][\/et_pb_column][\/et_pb_row][et_pb_row column_structure=\"1_2,1_2\" make_equal=\"on\" _builder_version=\"4.16\" _module_preset=\"default\" width=\"100%\" max_width=\"90%\" custom_margin=\"0px||0px||false|false\" custom_padding=\"0px||0px||false|false\" global_colors_info=\"{}\"][et_pb_column type=\"1_2\" _builder_version=\"4.16\" _module_preset=\"default\" global_colors_info=\"{}\"][et_pb_text _builder_version=\"4.25.0\" _module_preset=\"default\" text_text_color=\"#FFFFFF\" text_font_size=\"17px\" text_orientation=\"justified\" global_colors_info=\"{}\"]\n\nApr\u00e8s une ann\u00e9e 2022 que nous qualifiions il y a une ann\u00e9e de \u00ab charni\u00e8re entre l\u2019h\u00e9ritage du COVID-19 et les nouveaux d\u00e9fis \u00bb, l\u2019exercice 2023 s\u2019est inscrit comme \u00e9tant celui durant lequel l\u2019H\u00f4pital du Valais a pu relever certains de ces d\u00e9fis, tout en pr\u00e9parant l\u2019avenir dans un contexte difficile, notamment d\u2019un point de vue financier.\nDans le prolongement des ann\u00e9es COVID, l\u2019H\u00f4pital du Valais s\u2019est vu confier une responsabilit\u00e9 importante pour reconna\u00eetre les efforts consentis, tant par ses collaboratrices et collaborateurs, que par la population suisse et valaisanne qui ont notamment approuv\u00e9 l\u2019initiative sur les soins infirmiers en 2021. Une volont\u00e9 populaire que l\u2019institution a pu concr\u00e9tiser, gr\u00e2ce au soutien financier du D\u00e9partement de la sant\u00e9, des affaires sociales et de la culture, qui a d\u00e9cid\u00e9 d\u2019investir des moyens cons\u00e9quents pour am\u00e9liorer les conditions de travail du personnel soignant de l\u2019H\u00f4pital du Valais, des EMS et CMS.\nLes changements organisationnels op\u00e9r\u00e9s, avec notamment un Conseil d\u2019administration en grande partie renouvel\u00e9 et le nouveau visage de la Direction du Centre Hospitalier du Valais Romand, permettront \u00e0 l\u2019H\u00f4pital du Valais de pour-suivre sur cette m\u00eame voie et d\u2019affronter les d\u00e9fis pr\u00e9sents et futurs. Plus concr\u00e8tement, le d\u00e9veloppement de struc-tures comme le nouvel h\u00f4pital de jour \u00e0 Martigny, le centre de dialyse \u00e0 Sierre ou le centre ambulatoire \u00e0 Vi\u00e8ge, sans oublier le d\u00e9m\u00e9nagement de la psychiatrie ambulatoire \u00e0 Sion ou la p\u00e9rennisation du projet CAP\u2019Ado, t\u00e9moignent de la volont\u00e9 de l\u2019H\u00f4pital du Valais de se rapprocher et encore mieux servir la population.\n\n[\/et_pb_text][\/et_pb_column][et_pb_column type=\"1_2\" _builder_version=\"4.16\" _module_preset=\"default\" global_colors_info=\"{}\"][et_pb_text _builder_version=\"4.25.0\" _module_preset=\"default\" text_text_color=\"#FFFFFF\" text_font_size=\"17px\" text_orientation=\"justified\" custom_padding=\"||0px|||\" global_colors_info=\"{}\"]\n\nCette volont\u00e9 de rapprochement et d\u2019efficience se traduit \u00e9galement par la progression des travaux d\u2019infrastructures tant \u00e0 Sion que dans le Haut-Valais, o\u00f9 la premi\u00e8re pierre du nouveau Centre Hospitalier du Haut-Valais a pu \u00eatre pos\u00e9e \u00e0 Brigue en septembre 2023. Peut-\u00eatre plus abstrait, mais non moins essentiel, le projet de dossier patient informatis\u00e9 (DPI+) est \u00e0 bout touchant et devrait rapide-ment produire ses effets au b\u00e9n\u00e9fice des patient\u2219e\u2219s de l\u2019H\u00f4pital.\nCes avanc\u00e9es ne doivent pas occulter le contexte \u00e9cono-mique et tarifaire difficile dans lequel \u00e9volue notre institution, soumise \u00e0 une pression financi\u00e8re toujours crois-sante. \u00c0 l\u2019instar d\u2019autres \u00e9tablissements de soins du pays, les probl\u00e8mes tarifaires au niveau suisse ne permettent plus de couvrir les co\u00fbts, avec un manque de financement criant, en particulier dans le domaine ambulatoire.\nSur le chemin de la durabilit\u00e9, qui constitue l\u2019une de ses valeurs cardinales, l\u2019H\u00f4pital du Valais s\u2019est engag\u00e9 pour des mesures d\u2019\u00e9conomie et des modalit\u00e9s de fonctionnement qui lui permettront d\u2019affronter ces difficult\u00e9s, actuelles et \u00e0 venir, comme le rench\u00e9rissement de plusieurs millions de ses projets d\u2019infrastructures. \u00c0 ce titre, il s\u2019agit, encore une fois, de souligner l\u2019\u00e9troite collaboration avec le D\u00e9par-tement de la sant\u00e9 et le soutien important du Canton qui permet \u00e0 l\u2019H\u00f4pital de servir avec confiance et s\u00e9r\u00e9nit\u00e9 la population valaisanne.\n\n[\/et_pb_text][\/et_pb_column][\/et_pb_row][et_pb_row module_id=\"scroll\" _builder_version=\"4.16\" _module_preset=\"default\" global_colors_info=\"{}\"][et_pb_column type=\"4_4\" module_id=\"scroll\" _builder_version=\"4.16\" _module_preset=\"default\" global_colors_info=\"{}\"][et_pb_blurb use_icon=\"on\" font_icon=\";||divi||400\" icon_color=\"#FFFFFF\" image_icon_background_color=\"RGBA(0,0,0,0)\" image_icon_width=\"48px\" _builder_version=\"4.16\" _module_preset=\"default\" header_text_color=\"#FFFFFF\" header_font_size=\"35px\" image_icon_custom_padding=\"25px|25px|25px|25px|false|false\" custom_margin=\"0px||0px||false|false\" custom_padding=\"0px||0px||false|false\" link_option_url=\"#scroll\" border_radii_image=\"on|100%|100%|100%|100%\" border_width_all_image=\"3px\" border_color_all_image=\"RGBA(0,0,0,0)\" use_circle=\"on\" use_circle_border=\"on\" circle_border_color=\"RGBA(0,0,0,0)\" circle_color=\"RGBA(0,0,0,0)\" global_colors_info=\"{}\" image_icon_background_color__sticky_enabled=\"#e02b20\" image_icon_background_color__sticky=\"#e02b20\"][\/et_pb_blurb][\/et_pb_column][\/et_pb_row][\/et_pb_section][et_pb_section fb_built=\"1\" custom_padding_last_edited=\"on|phone\" prev_background_color=\"#E02B20\" module_id=\"chiffres\" _builder_version=\"4.25.0\" _module_preset=\"default\" background_color=\"RGBA(0,0,0,0)\" use_background_color_gradient=\"on\" background_color_gradient_type=\"circular\" background_color_gradient_stops=\"#ffffff 0%|#ffffff 80%\" background_color_gradient_start=\"#ffffff\" background_color_gradient_end=\"#ffffff\" background_color_gradient_end_position=\"80%\" background_image=\"https:\/\/rapport.hopitalvs.ch\/wp-content\/uploads\/2024\/04\/Activite.jpg\" parallax=\"on\" parallax_method=\"off\" max_width=\"100%\" module_alignment=\"center\" custom_margin=\"||||false|false\" custom_padding=\"200px|100px|100px|100px|false|false\" custom_padding_tablet=\"100px|100px|100px|100px|false|false\" custom_padding_phone=\"119px|20px|20px|20px|false|false\" top_divider_style=\"slant\" top_divider_height=\"150px\" top_divider_repeat=\"0x\" top_divider_flip=\"horizontal\" bottom_divider_style=\"slant\" bottom_divider_color=\"#FFFFFF\" bottom_divider_height=\"150px\" bottom_divider_flip=\"horizontal\" global_colors_info=\"{}\"][et_pb_row make_equal=\"on\" _builder_version=\"4.16\" _module_preset=\"default\" width=\"100%\" max_width=\"100%\" global_colors_info=\"{}\"][et_pb_column type=\"4_4\" _builder_version=\"4.16\" _module_preset=\"default\" global_colors_info=\"{}\"][et_pb_text _builder_version=\"4.16\" _module_preset=\"default\" text_font=\"|||on|||||\" text_text_color=\"#E02B20\" header_font=\"|||on|||||\" header_text_color=\"#E02B20\" background_enable_color=\"off\" background_layout=\"dark\" header_text_shadow_style=\"preset3\" header_text_shadow_blur_strength=\"0.67em\" header_text_shadow_color=\"#FFFFFF\" global_colors_info=\"{}\"]\n<h1>En chiffres<\/h1>\n[\/et_pb_text][\/et_pb_column][\/et_pb_row][et_pb_row column_structure=\"1_4,1_4,1_4,1_4\" use_custom_gutter=\"on\" gutter_width=\"4\" make_equal=\"on\" disabled_on=\"off|off|off\" module_class=\"blurbnospace\" _builder_version=\"4.21.0\" _module_preset=\"default\" background_color=\"rgba(255,255,255,0.6)\" width=\"100%\" max_width=\"100%\" module_alignment=\"center\" custom_margin=\"20px||20px||false|false\" custom_padding=\"50px|100px|50px|100px|false|false\" border_radii=\"on|10px|10px|10px|10px\" global_colors_info=\"{}\"][et_pb_column type=\"1_4\" _builder_version=\"4.21.0\" _module_preset=\"default\" global_colors_info=\"{}\"][et_pb_blurb title=\"40'200\" image=\"https:\/\/rapport.hopitalvs.ch\/wp-content\/uploads\/2023\/05\/Lits.svg\" image_icon_width=\"50%\" icon_alignment=\"left\" icon_alignment_tablet=\"\" icon_alignment_phone=\"center\" icon_alignment_last_edited=\"on|phone\" module_class=\"blurbnospace\" _builder_version=\"4.21.0\" _module_preset=\"default\" header_level=\"h1\" header_text_color=\"#d92c38\" header_font_size=\"2.8em\" header_text_align_tablet=\"\" header_text_align_phone=\"center\" header_text_align_last_edited=\"on|phone\" body_text_align_tablet=\"\" body_text_align_phone=\"center\" body_text_align_last_edited=\"on|phone\" border_style_all_image=\"none\" image_max_width=\"50%\" global_colors_info=\"{}\"]\n\ns\u00e9jours hospitaliers\n\n[\/et_pb_blurb][et_pb_blurb title=\"496\" image=\"https:\/\/rapport.hopitalvs.ch\/wp-content\/uploads\/2023\/05\/Med.svg\" image_icon_width=\"50%\" icon_alignment=\"left\" icon_alignment_tablet=\"\" icon_alignment_phone=\"center\" icon_alignment_last_edited=\"on|phone\" module_class=\"blurbnospace\" _builder_version=\"4.21.0\" _module_preset=\"default\" header_level=\"h1\" header_text_color=\"#d92c38\" header_font_size=\"2.8em\" text_orientation_tablet=\"\" text_orientation_phone=\"center\" text_orientation_last_edited=\"on|phone\" border_style_all_image=\"none\" image_max_width=\"50%\" global_colors_info=\"{}\"]\n\nUn peu plus de 460 m\u00e9decins assistants et chefs de clinique en formation\n\n[\/et_pb_blurb][\/et_pb_column][et_pb_column type=\"1_4\" _builder_version=\"4.16\" _module_preset=\"default\" global_colors_info=\"{}\"][et_pb_blurb title=\"71'030\" image=\"https:\/\/rapport.hopitalvs.ch\/wp-content\/uploads\/2023\/05\/Ambulance.svg\" image_icon_width=\"50%\" icon_alignment=\"left\" icon_alignment_tablet=\"\" icon_alignment_phone=\"center\" icon_alignment_last_edited=\"on|phone\" module_class=\"blurbnospace\" _builder_version=\"4.21.0\" _module_preset=\"default\" header_level=\"h1\" header_text_color=\"#d92c38\" header_font_size=\"2.8em\" header_text_align_tablet=\"\" header_text_align_phone=\"center\" header_text_align_last_edited=\"on|phone\" body_text_align_tablet=\"\" body_text_align_phone=\"center\" body_text_align_last_edited=\"on|phone\" border_style_all_image=\"none\" image_max_width=\"50%\" global_colors_info=\"{}\"]\n\nentr\u00e9es aux urgences\n\n[\/et_pb_blurb][et_pb_blurb title=\"847\" image=\"https:\/\/rapport.hopitalvs.ch\/wp-content\/uploads\/2023\/05\/Calculate.svg\" image_icon_width=\"50%\" icon_alignment=\"left\" icon_alignment_tablet=\"\" icon_alignment_phone=\"center\" icon_alignment_last_edited=\"on|phone\" module_class=\"blurbnospace\" _builder_version=\"4.21.0\" _module_preset=\"default\" header_level=\"h1\" header_text_color=\"#d92c38\" header_font_size=\"2.8em\" text_orientation_tablet=\"\" text_orientation_phone=\"center\" text_orientation_last_edited=\"on|phone\" border_style_all_image=\"none\" image_max_width=\"50%\" global_colors_info=\"{}\"]\n\nmillions de francs de chiffre d\u2019affaires\n\n[\/et_pb_blurb][\/et_pb_column][et_pb_column type=\"1_4\" _builder_version=\"4.16\" _module_preset=\"default\" global_colors_info=\"{}\"][et_pb_blurb title=\"609\u2019000\" image=\"https:\/\/rapport.hopitalvs.ch\/wp-content\/uploads\/2023\/05\/Patient.svg\" image_icon_width=\"50%\" icon_alignment=\"left\" icon_alignment_tablet=\"\" icon_alignment_phone=\"center\" icon_alignment_last_edited=\"on|phone\" module_class=\"blurbnospace\" _builder_version=\"4.21.0\" _module_preset=\"default\" header_level=\"h1\" header_text_color=\"#d92c38\" header_font_size=\"2.8em\" text_orientation_tablet=\"\" text_orientation_phone=\"center\" text_orientation_last_edited=\"on|phone\" border_style_all_image=\"none\" image_max_width=\"50%\" global_colors_info=\"{}\"]\n<p style=\"text-align: left;\">&nbsp;visites ambulatoires<\/p>\n[\/et_pb_blurb][et_pb_blurb title=\"6\u2019050 \" image=\"https:\/\/rapport.hopitalvs.ch\/wp-content\/uploads\/2023\/05\/Employees.svg\" image_icon_width=\"50%\" icon_alignment=\"left\" icon_alignment_tablet=\"\" icon_alignment_phone=\"center\" icon_alignment_last_edited=\"on|phone\" module_class=\"blurbnospace\" _builder_version=\"4.21.0\" _module_preset=\"default\" header_level=\"h1\" header_text_color=\"#d92c38\" header_font_size=\"2.8em\" text_orientation_tablet=\"\" text_orientation_phone=\"center\" text_orientation_last_edited=\"on|phone\" border_style_all_image=\"none\" image_max_width=\"50%\" global_colors_info=\"{}\"]\n\nParmi les principaux employeurs du canton avec pr\u00e8s de 5\u2019900 collaboratrices et collaborateurs\n\n[\/et_pb_blurb][\/et_pb_column][et_pb_column type=\"1_4\" _builder_version=\"4.16\" _module_preset=\"default\" global_colors_info=\"{}\"][et_pb_blurb title=\"1\u2019822\" image=\"https:\/\/rapport.hopitalvs.ch\/wp-content\/uploads\/2023\/05\/Naissance.svg\" image_icon_width=\"50%\" icon_alignment=\"left\" icon_alignment_tablet=\"\" icon_alignment_phone=\"center\" icon_alignment_last_edited=\"on|phone\" module_class=\"blurbnospace\" _builder_version=\"4.21.0\" _module_preset=\"default\" header_level=\"h1\" header_text_color=\"#d92c38\" header_font_size=\"2.8em\" text_orientation_tablet=\"\" text_orientation_phone=\"center\" text_orientation_last_edited=\"on|phone\" border_style_all_image=\"none\" image_max_width=\"50%\" global_colors_info=\"{}\"]\n\nnaissances\n\n[\/et_pb_blurb][et_pb_blurb title=\"83 \" image=\"https:\/\/rapport.hopitalvs.ch\/wp-content\/uploads\/2023\/05\/Hand.svg\" image_icon_width=\"50%\" icon_alignment=\"left\" icon_alignment_tablet=\"\" icon_alignment_phone=\"center\" icon_alignment_last_edited=\"on|phone\" module_class=\"blurbnospace\" _builder_version=\"4.21.0\" _module_preset=\"default\" header_level=\"h1\" header_text_color=\"#d92c38\" header_font_size=\"2.8em\" text_orientation_tablet=\"\" text_orientation_phone=\"center\" text_orientation_last_edited=\"on|phone\" border_style_all_image=\"none\" image_max_width=\"50%\" global_colors_info=\"{}\"]\n\nConventions et accords de collaboration avec :\n<ul>\n \t<li>le Centre hospitalier universitaire vaudois (CHUV);<\/li>\n \t<li>les H\u00f4pitaux universitaires de Gen\u00e8ve (HUG);<\/li>\n \t<li>l\u2019H\u00f4pital de l\u2019\u00cele \u00e0 Berne;<\/li>\n \t<li>l\u2019H\u00f4pital universitaire de B\u00e2le;<\/li>\n \t<li>l\u2019EPFL.<\/li>\n<\/ul>\n[\/et_pb_blurb][\/et_pb_column][\/et_pb_row][et_pb_row module_id=\"scroll\" _builder_version=\"4.16\" _module_preset=\"default\" global_colors_info=\"{}\"][et_pb_column type=\"4_4\" module_id=\"scroll\" _builder_version=\"4.16\" _module_preset=\"default\" global_colors_info=\"{}\"][et_pb_blurb use_icon=\"on\" font_icon=\";||divi||400\" icon_color=\"#FFFFFF\" image_icon_background_color=\"RGBA(0,0,0,0)\" image_icon_width=\"48px\" _builder_version=\"4.21.0\" _module_preset=\"default\" header_text_color=\"#FFFFFF\" header_font_size=\"35px\" image_icon_custom_padding=\"25px|25px|25px|25px|false|false\" custom_margin=\"0px||0px||false|false\" custom_padding=\"0px||0px||false|false\" link_option_url=\"#enbref\" border_radii_image=\"on|100%|100%|100%|100%\" border_width_all_image=\"3px\" border_color_all_image=\"RGBA(0,0,0,0)\" use_circle=\"on\" use_circle_border=\"on\" circle_border_color=\"RGBA(0,0,0,0)\" circle_color=\"RGBA(0,0,0,0)\" global_colors_info=\"{}\" image_icon_background_color__sticky_enabled=\"#e02b20\" image_icon_background_color__sticky=\"#e02b20\"][\/et_pb_blurb][\/et_pb_column][\/et_pb_row][\/et_pb_section][et_pb_section fb_built=\"1\" module_id=\"enbref\" _builder_version=\"4.25.0\" _module_preset=\"default\" background_color=\"rgba(255,255,255,0.94)\" background_image=\"https:\/\/rapport.hopitalvs.ch\/wp-content\/uploads\/2024\/05\/Back_content.png\" background_size=\"custom\" background_image_width=\"0%\" background_image_height=\"0%\" background_position=\"center_right\" background_blend=\"color\" overflow-x=\"hidden\" overflow-y=\"hidden\" scroll_scaling=\"0|50|54|100|70|100|100\" scroll_blur=\"0|17|50|100|10|0|0\" motion_trigger_start=\"bottom\" hover_enabled=\"0\" global_colors_info=\"{}\" sticky_enabled=\"0\" custom_css_free_form=\"#enbref p a {||  display: inline-block;||  padding: 10px 20px;||  background-color: #e02b20;||  color: white;||  text-decoration: none;||    border-radius: 4px;||  margin-bottom:2em;||}||#enbref h2{||  font-weight:bold;  ||}||||#enbref p a:before {||  content: %22%922192%22;||  margin-right: 10px;||}||||#enbref p a:hover {||  background-color: #e02b20;||}\"][et_pb_row column_structure=\"1_2,1_2\" make_equal=\"on\" _builder_version=\"4.16\" _module_preset=\"default\" width=\"100%\" max_width=\"90%\" global_colors_info=\"{}\"][et_pb_column type=\"1_2\" _builder_version=\"4.21.0\" _module_preset=\"default\" global_colors_info=\"{}\"][et_pb_text _builder_version=\"4.21.0\" _module_preset=\"default\" text_font=\"|||on|||||\" text_text_color=\"#E02B20\" header_font=\"|||on|||||\" header_text_color=\"#E02B20\" background_enable_color=\"off\" background_layout=\"dark\" module_alignment=\"center\" header_text_shadow_style=\"preset3\" header_text_shadow_blur_strength=\"0.67em\" header_text_shadow_color=\"#FFFFFF\" global_colors_info=\"{}\"]\n<h1>EN BREF<\/h1>\n[\/et_pb_text][\/et_pb_column][et_pb_column type=\"1_2\" _builder_version=\"4.21.0\" _module_preset=\"default\" global_colors_info=\"{}\"][et_pb_button button_url=\"@ET-DC@eyJkeW5hbWljIjp0cnVlLCJjb250ZW50IjoicG9zdF9saW5rX3VybF9hdHRhY2htZW50Iiwic2V0dGluZ3MiOnsicG9zdF9pZCI6IjgxMCJ9fQ==@\" url_new_window=\"on\" button_text=\"2023 EN BEF (PDF)\" button_alignment=\"right\" admin_label=\"PDF ann\u00e9e en bref\" _builder_version=\"4.25.0\" _dynamic_attributes=\"button_url\" _module_preset=\"3f730f3e-0a37-424b-9820-246fdb32d57b\" custom_margin=\"|0px|0px|0px|false|false\" custom_padding=\"||0px||false|false\" global_colors_info=\"{}\"][\/et_pb_button][\/et_pb_column][\/et_pb_row][et_pb_row column_structure=\"1_3,1_3,1_3\" _builder_version=\"4.25.0\" _module_preset=\"default\" width=\"100%\" max_width=\"90%\" custom_margin=\"||0px||false|false\" custom_padding=\"||0px||false|false\" border_style_all=\"none\" border_width_bottom=\"1px\" border_color_bottom=\"#E02B20\" global_colors_info=\"{}\"][et_pb_column type=\"1_3\" _builder_version=\"4.16\" _module_preset=\"default\" global_colors_info=\"{}\"][et_pb_text _builder_version=\"4.21.0\" _module_preset=\"default\" header_2_text_color=\"#E02B20\" text_orientation=\"justified\" width=\"100%\" max_width=\"100%\" module_alignment=\"center\" global_colors_info=\"{}\"]\n<h2>JANVIER<\/h2>\n<h3 style=\"text-align: left;\"><span>Le Chariot Magique f\u00eate ses 25 ans<\/span><\/h3>\n<span>L\u2019association Le Chariot Magique a c\u00e9l\u00e9br\u00e9 son 25e anniversaire en organisant une tourn\u00e9e th\u00e9\u00e2trale dans cinq h\u00f4pitaux romands, dont l\u2019H\u00f4pital du Valais. Cela fait un quart de si\u00e8cle que Le Chariot Magique enchante les enfants hospitalis\u00e9s \u00e0 Sion. Chaque semaine, des b\u00e9n\u00e9voles professionnels de la sant\u00e9 rendent visite aux enfants malades pour leur offrir un espace de rencontre, d\u2019\u00e9coute et d\u2019expression \u00e0 travers le jeu et le partage.<\/span>\n\n<a href=\"https:\/\/www.hopitalduvalais.ch\/lhopital-du-valais\/actualites\/en-detail?tx_news_pi1%5Baction%5D=detail&amp;tx_news_pi1%5Bcontroller%5D=News&amp;tx_news_pi1%5Bnews%5D=2546&amp;cHash=d85811589a2fff89212887fbd936d430\" target=\"_blank\" rel=\"noopener\">Lire l'article<\/a>\n\n[\/et_pb_text][et_pb_text _builder_version=\"4.25.0\" _module_preset=\"default\" header_2_text_color=\"#E02B20\" text_orientation=\"justified\" width=\"100%\" max_width=\"100%\" module_alignment=\"center\" global_colors_info=\"{}\"]\n<h2>MARS<\/h2>\n<h3 style=\"text-align: left;\">Sensibilisation \u00e0 l\u2019endom\u00e9triose \u00e0 l\u2019h\u00f4pital de Sion<\/h3>\n<span>\u00c0 l\u2019occasion du mois de sensibilisation \u00e0 l\u2019endom\u00e9triose, le Centre Hospitalier du Valais Romand (CHVR) a pr\u00e9sent\u00e9 sa consultation d\u00e9di\u00e9e aux femmes touch\u00e9es par cette maladie gyn\u00e9cologique. Sa prise en charge multidisciplinaire est assur\u00e9e \u00e0 la Policlinique de gyn\u00e9cologie-obst\u00e9trique sur le site de Sion. On estime qu\u2019une femme sur dix est atteinte par cette affection qui r\u00e9duit fortement sa qualit\u00e9 de vie. Il n\u2019y a aujourd\u2019hui pas de traitement qui permette de pr\u00e9venir ou de gu\u00e9rir compl\u00e8tement l\u2019endom\u00e9triose, mais diff\u00e9rentes options th\u00e9rapeutiques permettent de limiter son \u00e9volution, contr\u00f4ler les sympt\u00f4mes et am\u00e9liorer la qualit\u00e9 de vie.<\/span>\n\n<a href=\"https:\/\/www.hopitalduvalais.ch\/lhopital-du-valais\/actualites\/en-detail\/2023\/3\/1\/consultation-dendometriose-a-lhopital-de-sion\" target=\"_blank\" rel=\"noopener\"><span>Lire l'article<\/span><\/a>\n<h3>Salon Your Challenge<span><\/span><\/h3>\n<span>Manifestation incontournable pour tous les \u00e9coliers, \u00e9tudiants ou adultes soucieux de leur avenir professionnel, le salon des m\u00e9tiers et formations \u00ab Your Challenge \u00bb s\u2019est tenu du 8 au 13 mars au CERM de Martigny. L\u2019H\u00f4pital du Valais y a pr\u00e9sent\u00e9 les professions et domaines d\u2019activit\u00e9 du milieu hospitalier \u00e0 pr\u00e8s de 20,000 visiteurs.<\/span>\n\n<span><a href=\"https:\/\/www.hopitalduvalais.ch\/lhopital-du-valais\/actualites\/en-detail\/2023\/3\/3\/salon-des-metiers-et-formations-your-challenge-du-8-au-13-mars-2023\" target=\"_blank\" rel=\"noopener\">Lire l'article<\/a><\/span>\n<h3>Inauguration du nouveau centre de dialyse \u00e0 Sierre<\/h3>\nLe nouveau Centre de dialyse de l\u2019h\u00f4pital de Sierre a \u00e9t\u00e9 inaugur\u00e9 le 10 mars en pr\u00e9sence du Conseiller d\u2019\u00c9tat, Mathias Reynard. La superficie a \u00e9t\u00e9 port\u00e9e de 112 \u00e0 210 m2 et ce nouveau centre offre deux places suppl\u00e9mentaires pour un total de dix postes de traitement, dont deux en isolement. Un confort suppl\u00e9mentaire pour la patient\u00e8le qui \u00e9vite ainsi un transfert vers l\u2019h\u00f4pital de Sion.\n\n<span><a href=\"https:\/\/www.hopitalduvalais.ch\/lhopital-du-valais\/actualites\/en-detail\/2023\/3\/10\/inauguration-du-nouveau-centre-de-dialyse-a-sierre\" target=\"_blank\" rel=\"noopener\">Lire l'article<\/a><\/span>\n<h3>Un printemps teint\u00e9 de po\u00e9sie pour soulager le quotidien des patients<\/h3>\n<span>Du 18 mars au 1er avril, plusieurs h\u00f4pitaux romands ont ouvert leurs portes au Printemps de la po\u00e9sie sur l\u2019initiative de Julie Delaloye, m\u00e9decin et po\u00e8te. \u00c0 l\u2019H\u00f4pital du Valais, les quelque 800 patients des h\u00f4pitaux de Sion, Sierre, Martigny, St-Am\u00e9 et Mal\u00e9voz ont re\u00e7u des po\u00e8mes. Des mots qui touchent, encouragent, soulagent et redonnent de l\u2019espoir \u00e0 celles et ceux qui ne peuvent pas quitter leur lit d\u2019h\u00f4pital.<\/span>\n\n<span><a href=\"https:\/\/www.hopitalduvalais.ch\/lhopital-du-valais\/actualites\/en-detail\/2023\/3\/15\/un-printemps-teinte-de-poesie-pour-soulager-le-quotidien-des-patients\" target=\"_blank\" rel=\"noopener\">Lire l'article<\/a><\/span>\n<h3>Charte pour l\u2019\u00e9galit\u00e9 salariale dans le secteur public<\/h3>\nL\u2019H\u00f4pital du Valais a sign\u00e9 la Charte pour l\u2019\u00e9galit\u00e9 salariale dans le secteur public le 21 mars 2023, r\u00e9affirmant sa d\u00e9termination \u00e0 rendre effectif le principe constitutionnel de salaire \u00e9gal pour un travail de valeur \u00e9gale. L\u2019\u00e9galit\u00e9 entre femmes et hommes, de droit et de fait, est un principe fondamental de la Constitution f\u00e9d\u00e9rale et une valeur essentielle de notre soci\u00e9t\u00e9. Le secteur public se doit d\u2019\u00eatre exemplaire en la mati\u00e8re.\n\n<span><a href=\"https:\/\/www.hopitalduvalais.ch\/lhopital-du-valais\/actualites\/en-detail\/2023\/3\/23\/lhopital-du-valais-signe-la-charte-pour-legalite-salariale-dans-le-secteur-public\" target=\"_blank\" rel=\"noopener\">Lire l'article<\/a><\/span>\n<h3>Conf\u00e9rence et vernissage de l\u2019exposition itin\u00e9rante \u00abL\u2019h\u00f4pital id\u00e9al\u00bb<\/h3>\nL\u2019H\u00f4pital du Valais a invit\u00e9 les patients, leurs proches, son personnel et la population en g\u00e9n\u00e9ral \u00e0 son exposition itin\u00e9rante \u00ab L\u2019h\u00f4pital id\u00e9al \u00bb. Cette initiative prolonge l\u2019exp\u00e9rience du salon Plan\u00e8te sant\u00e9, en 2019. Avec le concours de l\u2019Association Savoir Patient, les visiteurs avaient pu y exprimer leur v\u00e9cu, transmettre leurs propositions et m\u00eame leurs r\u00eaves dont le dessinateur\/philosophe P\u00e9cub s\u2019est imm\u00e9diatement inspir\u00e9 (180 dessins en 4 jours). Une s\u00e9lection de ces \u0153uvres a \u00e9t\u00e9 expos\u00e9e plusieurs semaines durant sur chaque site hospitalier.\n\n<span><a href=\"https:\/\/www.hopitalduvalais.ch\/lhopital-du-valais\/actualites\/en-detail\/2023\/3\/31\/lhopital-ideal\" target=\"_blank\" rel=\"noopener\">Lire l'article<\/a><\/span>\n<h3>Nomination au Conseil d\u2019administration<\/h3>\nLe Conseil d\u2019\u00c9tat a nomm\u00e9 Emilie Praz en tant que membre du Conseil d\u2019administration de l\u2019H\u00f4pital du Valais. Avocate de l\u2019\u00c9tude Kellerhals Carrard \u00e0 Sion, elle est entr\u00e9e en fonction le 1er mai 2023, en rempla\u00e7ant Myl\u00e8ne Cina, qui avait pr\u00e9sent\u00e9 sa d\u00e9mission pour la fin du mois d\u2019avril.\n\n<a href=\"https:\/\/www.hopitalduvalais.ch\/lhopital-du-valais\/actualites\/en-detail\/2023\/3\/28\/conseil-dadministration-de-lhopital-du-valais\" target=\"_blank\" rel=\"noopener\">Lire l'article<\/a>\n<span><\/span>\n\n[\/et_pb_text][et_pb_text _builder_version=\"4.25.0\" _module_preset=\"default\" header_2_text_color=\"#E02B20\" text_orientation=\"justified\" width=\"100%\" max_width=\"100%\" module_alignment=\"center\" custom_padding=\"||0px|||\" global_colors_info=\"{}\"]\n<h2>AVRIL<\/h2>\n<h3>Op\u00e9ration Boule \u00e0 Z\u00e9ro<\/h3>\nDepuis 2015, l\u2019association Op\u00e9ration Boule \u00e0 Z\u00e9ro offre aux enfants et jeunes patients de l\u2019H\u00f4pital du Valais un moment de d\u00e9tente et d\u2019\u00e9vasion en distribuant des bandes dessin\u00e9es de la s\u00e9rie \u00ab Boule \u00e0 Z\u00e9ro \u00bb. En 2023, gr\u00e2ce au soutien de la Raiffeisen Sion et R\u00e9gion et du Groupe Mutuel, 500 bandes dessin\u00e9es ont pu \u00eatre offertes \u00e0 l\u2019institution, 300 au Service de p\u00e9diatrie de Sion et 200 \u00e0 celui de Vi\u00e8ge.\n\n<a href=\"https:\/\/www.hopitalduvalais.ch\/lhopital-du-valais\/actualites\/en-detail\/2023\/4\/4\/operation-boule-a-zero\" target=\"_blank\" rel=\"noopener\"><span style=\"font-family: inherit; font-weight: normal;\">Lire l'article<\/span><\/a>\n\n&nbsp;\n\n[\/et_pb_text][\/et_pb_column][et_pb_column type=\"1_3\" _builder_version=\"4.16\" _module_preset=\"default\" global_colors_info=\"{}\"][et_pb_text _builder_version=\"4.25.0\" _module_preset=\"default\" text_font=\"||||||||\" header_font=\"|||on|||||\" header_2_text_color=\"#E02B20\" text_orientation=\"justified\" width=\"100%\" max_width=\"100%\" module_alignment=\"center\" global_colors_info=\"{}\"]\n<h2>MAI<\/h2>\n<h3>Ouverture du centre ambulatoire de Vi\u00e8ge<\/h3>\n<span>Le Centre Hospitalier du Haut-Valais a ouvert d\u00e9but mai son centre ambulatoire au Centerpark de Vi\u00e8ge. Qu\u2019il s\u2019agisse d\u2019un examen pr\u00e9ventif des seins, d\u2019un bilan orthop\u00e9dique ou d\u2019une consultation urologique, les patients sont d\u00e9sormais trait\u00e9s en ambulatoire dans les domaines de la gyn\u00e9cologie et de l\u2019obst\u00e9trique, de l\u2019orthop\u00e9die, de la chirurgie, de la p\u00e9diatrie et de la radiologie au 1er \u00e9tage du b\u00e2timent du Centerpark situ\u00e9 au centre de Vi\u00e8ge.<\/span>\n\n<a href=\"https:\/\/www.hopitalduvalais.ch\/lhopital-du-valais\/actualites\/en-detail\/2023\/4\/26\/ouverture-debut-mai-2023-du-centre-ambulatoire-de-viege\" target=\"_blank\" rel=\"noopener\">Lire l'article<\/a><span><\/span><span><\/span>\n<h3>Nouvelle offre pour les interventions chirurgicales l\u00e9g\u00e8res \u00e0 l\u2019h\u00f4pital de Sierre<\/h3>\nDepuis mai 2023, le plateau op\u00e9ratoire de l\u2019h\u00f4pital de Sierre est organis\u00e9 pour permettre la prise en charge des patients n\u00e9cessitant une intervention avec une anesth\u00e9sie locale pour la chirurgie plastique, reconstructive et de la main. Sise au c\u0153ur des locaux de consultations, cette infrastructure facilite non seulement le parcours du patient, mais \u00e9galement le processus pour une prise en charge optimale.\n\n<a href=\"https:\/\/www.hopitalduvalais.ch\/lhopital-du-valais\/actualites\/en-detail\/2023\/5\/10\/nouvelle-offre-de-prise-en-charge-medico-soignante-pour-les-interventions-chirurgicales-legeres-a-lhopital-de-sierre\" target=\"_blank\" rel=\"noopener\">Lire l'article<\/a>\n<h3>Transposition de l\u2019ut\u00e9rus pour pr\u00e9server la fertilit\u00e9 en premi\u00e8re Suisse<\/h3>\nLa transposition de l\u2019ut\u00e9rus dans la partie sup\u00e9rieure de l\u2019abdomen repr\u00e9sente une avanc\u00e9e importante pour la pr\u00e9servation de la fertilit\u00e9 chez les femmes atteintes d\u2019un cancer du rectum qui doivent subir une radioth\u00e9rapie pelvienne. Cette nouvelle proc\u00e9dure, qui a \u00e9t\u00e9 r\u00e9alis\u00e9e environ 20 fois dans le monde depuis 2017, a \u00e9t\u00e9 effectu\u00e9e pour la premi\u00e8re fois en Suisse en mars 2023 \u00e0 Sion par une \u00e9quipe de chirurgie et de gyn\u00e9cologie du Centre Hospitalier du Valais Romand. Cette proc\u00e9dure consiste \u00e0 d\u00e9placer temporairement l\u2019ut\u00e9rus et les ovaires hors du champ d\u2019irradiation en les repositionnant dans la partie sup\u00e9rieure de l\u2019abdomen. Une fois la radioth\u00e9rapie termin\u00e9e, l\u2019ut\u00e9rus et les ovaires sont replac\u00e9s \u00e0 leur position normale dans le bassin.\n\n<a href=\"https:\/\/www.hopitalduvalais.ch\/lhopital-du-valais\/actualites\/en-detail\/2023\/5\/25\/premiere-en-suisse-uterus\" target=\"_blank\" rel=\"noopener\">Lire l'article<\/a>\n\n[\/et_pb_text][et_pb_text _builder_version=\"4.21.0\" _module_preset=\"default\" header_2_text_color=\"#E02B20\" text_orientation=\"justified\" width=\"100%\" max_width=\"100%\" module_alignment=\"center\" global_colors_info=\"{}\"]\n<h2>JUIN<\/h2>\n<h3>Am\u00e9lioration des conditions de travail du personnel soignant<\/h3>\nLe canton a d\u00e9cid\u00e9 d\u2019investir des moyens cons\u00e9quents pour am\u00e9liorer les conditions de travail du personnel soignant de l\u2019H\u00f4pital du Valais, des EMS et CMS. Dans un contexte de p\u00e9nurie touchant aussi bien le domaine des soins que de l\u2019enseignement, le Conseil d\u2019\u00c9tat a pris des mesures importantes pour ces deux secteurs. Le canton a ainsi d\u00e9cid\u00e9 d\u2019investir des moyens cons\u00e9quents pour am\u00e9liorer les conditions de travail du personnel soignant de l\u2019H\u00f4pital du Valais, des EMS et CMS.\n\n<a href=\"https:\/\/www.hopitalduvalais.ch\/lhopital-du-valais\/actualites\/en-detail\/2023\/6\/12\/amelioration-des-conditions-de-travail-du-personnel-soignant\" target=\"_blank\" rel=\"noopener\">Lire l'article<\/a>\n\n[\/et_pb_text][et_pb_text _builder_version=\"4.25.0\" _module_preset=\"default\" header_2_text_color=\"#E02B20\" text_orientation=\"justified\" width=\"100%\" max_width=\"100%\" module_alignment=\"center\" custom_padding=\"||0px|||\" global_colors_info=\"{}\"]\n<h2>JUILLET<\/h2>\n<h3>Centre Hospitalier du Haut-Valais : Daniel Widrig laur\u00e9at du concours \u00ab Art et architecture \u00bb<\/h3>\n<span>Daniel Widrig a emport\u00e9 le concours \u00ab Art et architecture \u00bb du nouveau Centre Hospitalier du Haut-Valais \u00ab szo-united \u00bb avec son projet \u00ab Resilient Vessels: A Tribute to Healing and Transformation \u00bb. Quinze artistes ont particip\u00e9 au concours \u00ab Art et architecture \u00bb et six candidats ont eu l\u2019occasion de d\u00e9montrer leur cr\u00e9ativit\u00e9 lors du processus de s\u00e9lection international.<\/span><span><\/span><span><\/span>\n\n<a href=\"https:\/\/www.hopitalduvalais.ch\/lhopital-du-valais\/actualites\/en-detail\/2023\/7\/12\/nouveau-centre-hospitalier-du-haut-valais-szo-united-renovation-transformation-et-extension\" target=\"_blank\" rel=\"noopener\">Lire l'article<\/a>\n\n[\/et_pb_text][et_pb_text _builder_version=\"4.25.0\" _module_preset=\"default\" text_font=\"||||||||\" header_font=\"|||on|||||\" header_2_text_color=\"#E02B20\" text_orientation=\"justified\" width=\"100%\" max_width=\"100%\" module_alignment=\"center\" global_colors_info=\"{}\"]\n<h2>AO\u00dbT<\/h2>\n<h3>Augmentation des allocations pour travail de nuit, de week-end et de jours f\u00e9ri\u00e9s<\/h3>\nDans le cadre de la mise en \u0153uvre de l\u2019initiative sur les soins, afin de mieux prendre en compte et valoriser les horaires irr\u00e9guliers ainsi que le travail de nuit, du week-end et des jours f\u00e9ri\u00e9s, le Conseil d\u2019\u00c9tat, sur proposition de l\u2019H\u00f4pital du Valais, avait d\u00e9cid\u00e9 d\u2019augmenter les allocations y relatives pour l\u2019ensemble du personnel soumis \u00e0 la Convention collective de travail (CCT). Cette augmentation, fix\u00e9e \u00e0 1 franc par heure, est entr\u00e9e en vigueur \u00e0 fin ao\u00fbt avec effet r\u00e9troactif au 1er janvier 2023 et a \u00e9t\u00e9 financ\u00e9e dans un premier temps par le Canton.\n\n<a href=\"https:\/\/www.hopitalduvalais.ch\/lhopital-du-valais\/actualites\/en-detail\/2023\/8\/17\/augmentation-des-allocations-pour-travail-de-nuit-de-week-end-et-de-jours-feries\" target=\"_blank\" rel=\"noopener\">Lire l'article<\/a>\n<h3>Nominations au Conseil d\u2019administration<\/h3>\nLe Conseil d\u2019\u00c9tat a renouvel\u00e9 le Conseil d\u2019administration de l\u2019H\u00f4pital du Valais et nomm\u00e9 trois nouveaux membres, entr\u00e9s en fonction le 1er janvier 2024. En poste depuis le 1er janvier 2012, Verena Sarbach-Bodenm\u00fcller, Alain de Preux et Bernard Monnet \u00e9taient en effet arriv\u00e9s au terme des trois p\u00e9riodes administratives maximums pr\u00e9vues par la loi. Afin de les remplacer, le Conseil d\u2019\u00c9tat a nomm\u00e9 les personnes suivantes : B\u00e9atrice Kalbermatten, domicili\u00e9e \u00e0 T\u00f6rbel et infirmi\u00e8re de formation, actuellement enseignante \u00e0 la HES-SO Valais-Wallis en fili\u00e8re soins infirmiers ; Beno\u00eet Bender : domicili\u00e9 \u00e0 Martigny, expert-fiduciaire dipl\u00f4m\u00e9, directeur d\u2019une fiduciaire, il est \u00e9galement actuellement pr\u00e9sident du Groupement valaisan des CMS et d\u00e9put\u00e9 au Grand Conseil ; Mauro Poggia : domicili\u00e9 \u00e0 Gen\u00e8ve, il est avocat, ancien pr\u00e9sident de l\u2019Association suisse des assur\u00e9s et ancien conseiller d\u2019\u00c9tat en charge de la sant\u00e9 du canton de Gen\u00e8ve.\n\n[\/et_pb_text][\/et_pb_column][et_pb_column type=\"1_3\" _builder_version=\"4.16\" _module_preset=\"default\" global_colors_info=\"{}\"][et_pb_text _builder_version=\"4.25.0\" _module_preset=\"default\" header_2_text_color=\"#E02B20\" text_orientation=\"justified\" width=\"100%\" max_width=\"100%\" module_alignment=\"center\" global_colors_info=\"{}\"]\n<h2>SEPTEMBRE<\/h2>\n<h3>Formation : le Service d\u2019anesth\u00e9sie du CHVR rejoint les h\u00f4pitaux universitaires<\/h3>\nL\u2019Institut suisse pour la formation m\u00e9dicale post-gradu\u00e9e et continue a reclass\u00e9 la cat\u00e9gorie de formation du Service d\u2019anesth\u00e9siologie et de R\u00e9animation du Centre Hospitalier du Valais Romand (CHVR), qui est pass\u00e9 de la cat\u00e9gorie A2 \u00e0 la cat\u00e9gorie A1. Cette derni\u00e8re implique que les crit\u00e8res pour la formation sont les m\u00eames que pour les h\u00f4pitaux universitaires et que le CHVR peut d\u00e9sormais former des m\u00e9decins pendant une p\u00e9riode de 3 ans et demi. Cela fait de l\u2019H\u00f4pital du Valais le troisi\u00e8me en Suisse romande, aux c\u00f4t\u00e9s de Lausanne et Gen\u00e8ve, \u00e0 obtenir cette reconnaissance.\n\n<a href=\"https:\/\/www.hopitalduvalais.ch\/lhopital-du-valais\/actualites\/en-detail\/2023\/9\/5\/formation-le-service-danesthesie-du-chvr-rejoint-les-hopitaux-universitaires\" target=\"_blank\" rel=\"noopener\">Lire l'article<\/a>\n<h3>Premi\u00e8re pierre du nouveau Centre Hospitalier \u00ab SZO United \u00bb \u00e0 Brigue<\/h3>\nLe Centre Hospitalier du Haut-Valais (SZO) a donn\u00e9 le coup d\u2019envoi de la construction du nouveau b\u00e2timent de Brigue le 14 septembre, \u00e0 l\u2019occasion d\u2019une c\u00e9r\u00e9monie r\u00e9unissant les repr\u00e9sentants des autorit\u00e9s politiques et de l\u2019H\u00f4pital du Valais. Pour le SZO, cette \u00e9tape symbolique marquait l\u2019aboutissement d\u2019un long processus de pr\u00e9paration, mais aussi le d\u00e9but effectif de la construction d\u2019une infrastructure moderne pour l\u2019avenir des soins au b\u00e9n\u00e9fice des patientes et patients du Haut-Valais.\n\n<a href=\"https:\/\/www.hopitalduvalais.ch\/lhopital-du-valais\/actualites\/en-detail\/2023\/9\/15\/renovation-transformation-et-extension-du-nouveau-centre-hospitalier-du-haut-valais-szo\" target=\"_blank\" rel=\"noopener\">Lire l'article<\/a>\n\n[\/et_pb_text][et_pb_text _builder_version=\"4.25.0\" _module_preset=\"default\" header_2_text_color=\"#E02B20\" text_orientation=\"justified\" width=\"100%\" max_width=\"100%\" module_alignment=\"center\" global_colors_info=\"{}\"]\n<h2>OCTOBRE<\/h2>\n<h3>D\u00e9m\u00e9nagement du Centre de comp\u00e9tence en psychiatrie et psychoth\u00e9rapie de Sion<\/h3>\nLe Centre de comp\u00e9tence en psychiatrie et psychoth\u00e9rapie (CCPP) de Sion a d\u00e9m\u00e9nag\u00e9 \u00e0 l\u2019avenue de Tourbillon 13. Cette localisation plus centrale offre davantage de commodit\u00e9 aux patients tout en renfor\u00e7ant la prise en charge dans le domaine de la psychiatrie et psychoth\u00e9rapie ambulatoire. \u00c0 sa nouvelle adresse, il a rejoint plusieurs partenaires, comme Pro Senectute, l\u2019Association valaisanne des EMS (AVALEMS), le Groupement valaisan des centres m\u00e9dico-sociaux, l\u2019association Proches aidants Valais, l\u2019association B\u00e9n\u00e9voles Valais-Wallis ou le SECOSS.\n\n<a href=\"https:\/\/www.hopitalduvalais.ch\/lhopital-du-valais\/actualites\/en-detail\/2023\/10\/10\/demenagement-du-centre-de-competence-en-psychiatrie-et-psychotherapie-de-sion-dans-le-quartier-de-la-gare\" target=\"_blank\" rel=\"noopener\">Lire l'article<\/a>\n<h3>Policlinique de gyn\u00e9cologie-obst\u00e9trique : prestations \u00e9largies \u00e0 l\u2019h\u00f4pital de Martigny<\/h3>\nLe P\u00f4le de gyn\u00e9cologie-obst\u00e9trique du Centre Hospitalier du Valais Romand (CHVR) accueille les patientes \u00e0 Sion et Martigny. Depuis septembre 2023, la disponibilit\u00e9 de l\u2019\u00e9quipe m\u00e9dico-soignante sur le site de l\u2019h\u00f4pital de Martigny a \u00e9t\u00e9 \u00e9largie (de 60 % \u00e0 90 %) pour r\u00e9pondre aux demandes des patientes et des m\u00e9decins du Bas Valais. Avec une \u00e9quipe m\u00e9dico-soignante qualifi\u00e9e et exp\u00e9riment\u00e9e (gyn\u00e9cologue, infirmi\u00e8re, sage-femme et assistante m\u00e9dicale), la policlinique offre de nombreuses prestations en gyn\u00e9cologie : des examens de d\u00e9pistage pour le cancer du col de l\u2019ut\u00e9rus et le cancer du sein, des consultations sp\u00e9cialis\u00e9es en urogyn\u00e9cologie associ\u00e9es si besoin \u00e0 un bilan urodynamique.\n\n<a href=\"https:\/\/www.hopitalduvalais.ch\/lhopital-du-valais\/actualites\/en-detail\/2023\/10\/11\/policlinique-de-gynecologie-obstetrique-prestations-elargies-a-lhopital-de-martigny\" target=\"_blank\" rel=\"noopener\">Lire l'article<\/a>\n<h3>D\u00e9j\u00e0 500 chirurgies vNOTES au Centre Hospitalier du Valais Romand<\/h3>\nAvec plus de 500 op\u00e9rations vNOTES jusqu\u2019en octobre 2023, le Centre Hospitalier du Valais Romand, par son service de gyn\u00e9cologie et d\u2019obst\u00e9trique, est devenu le premier centre suisse en termes d\u2019exp\u00e9rience et de nombre d\u2019interventions effectu\u00e9es. Cette approche chirurgicale innovante est propos\u00e9e \u00e0 l\u2019H\u00f4pital du Valais depuis mai 2020 aux patientes pr\u00e9sentant des pathologies gyn\u00e9cologiques.\n\n<a href=\"https:\/\/www.hopitalduvalais.ch\/lhopital-du-valais\/actualites\/en-detail\/2023\/10\/18\/le-centre-hospitalier-du-valais-romand-chvr-atteint-500-chirurgies-vnotes1-depuis-lintroduction-de-la-technique-en-2020\" target=\"_blank\" rel=\"noopener\">Lire l'article<\/a>\n\n[\/et_pb_text][et_pb_text _builder_version=\"4.25.0\" _module_preset=\"default\" header_2_text_color=\"#E02B20\" text_orientation=\"justified\" width=\"100%\" max_width=\"100%\" module_alignment=\"center\" custom_margin=\"||0px|||\" custom_padding=\"0px|||||\" global_colors_info=\"{}\"]\n<h2>NOVEMBRE<\/h2>\n<h3>Healthcare innovation event: l\u2019IA dans la pratique clinique<\/h3>\nLa conf\u00e9rence et la \u00ab master class \u00bb d\u00e9di\u00e9es \u00e0 l\u2019innovation dans le domaine de la sant\u00e9, organis\u00e9es par le Centre de recherche et d\u2019innovation clinique (CRIC) de l\u2019H\u00f4pital du Valais, ont r\u00e9uni de nombreux acteurs de la sant\u00e9 le 23 novembre \u00e0 l\u2019h\u00f4pital de Sion. La recherche clinique et l\u2019innovation sont indissociables et jouent un r\u00f4le primordial dans le progr\u00e8s des pratiques et des technologies m\u00e9dicales. \u00c0 ce titre, l\u2019intelligence artificielle en pratique clinique a \u00e9t\u00e9 mise en lumi\u00e8re par le Dr Abderrahmane Hedjoudje, m\u00e9decin adjoint, Service d\u2019imagerie diagnostique et interventionnelle, Centre Hospitalier du Valais Romand et par C\u00e9dric Villani, math\u00e9maticien et homme politique fran\u00e7ais.\n\n<a href=\"https:\/\/www.hopitalduvalais.ch\/lhopital-du-valais\/actualites\/en-detail\/2023\/11\/14\/healthcare-innovation-event\" target=\"_blank\" rel=\"noopener\">Lire l'article<\/a>\n<h3>Nouvel h\u00f4pital de jour de chirurgie \u00e0 Martigny<\/h3>\nDepuis le d\u00e9but de l\u2019automne, le nouvel h\u00f4pital de jour de chirurgie, situ\u00e9 \u00e0 proximit\u00e9 imm\u00e9diate du bloc op\u00e9ratoire, permet d\u2019optimiser la prise en charge des patients n\u00e9cessitant une intervention chirurgicale en ambulatoire. Il offre des avantages ind\u00e9niables en termes de flux et de continuit\u00e9 des soins pour les patients et les \u00e9quipes soignantes et chirurgicales.\n\n<a href=\"https:\/\/www.hopitalduvalais.ch\/lhopital-du-valais\/actualites\/en-detail\/2023\/11\/30\/nouvel-hopital-de-jour-de-chirurgie-a-martigny\" target=\"_blank\" rel=\"noopener\">Lire l'article<\/a>\n\n[\/et_pb_text][\/et_pb_column][\/et_pb_row][et_pb_row module_id=\"scroll\" _builder_version=\"4.25.0\" _module_preset=\"default\" custom_margin=\"0px||0px||false|false\" custom_padding=\"0px||0px||false|false\" global_colors_info=\"{}\"][et_pb_column type=\"4_4\" module_id=\"scroll\" _builder_version=\"4.16\" _module_preset=\"default\" global_colors_info=\"{}\"][et_pb_blurb use_icon=\"on\" font_icon=\";||divi||400\" icon_color=\"#E02B20\" image_icon_background_color=\"RGBA(0,0,0,0)\" image_icon_width=\"48px\" _builder_version=\"4.25.0\" _module_preset=\"default\" header_text_color=\"#FFFFFF\" header_font_size=\"35px\" image_icon_custom_padding=\"25px|25px|25px|25px|false|false\" custom_margin=\"0px||0px||false|false\" custom_padding=\"0px||0px||false|false\" link_option_url=\"#gestion\" border_radii_image=\"on|100%|100%|100%|100%\" border_width_all_image=\"3px\" border_color_all_image=\"RGBA(0,0,0,0)\" use_circle=\"on\" use_circle_border=\"on\" circle_border_color=\"RGBA(0,0,0,0)\" circle_color=\"RGBA(0,0,0,0)\" global_colors_info=\"{}\" image_icon_background_color__sticky_enabled=\"#e02b20\" image_icon_background_color__sticky=\"#e02b20\"][\/et_pb_blurb][\/et_pb_column][\/et_pb_row][\/et_pb_section][et_pb_section fb_built=\"1\" _builder_version=\"4.25.0\" _module_preset=\"default\" background_color=\"#E02B20\" background_enable_image=\"off\" background_position=\"top_left\" background_vertical_offset=\"45%\" width=\"100%\" overflow-x=\"hidden\" custom_margin=\"0px||||false|false\" custom_padding=\"250px||50px||false|false\" top_divider_style=\"slant\" top_divider_color=\"#FFFFFF\" top_divider_height=\"165px\" top_divider_repeat=\"0x\" top_divider_flip=\"horizontal\" bottom_divider_color=\"#FFFFFF\" bottom_divider_height=\"150px\" bottom_divider_flip=\"horizontal\" motion_trigger_start=\"top\" locked=\"off\" global_colors_info=\"{}\"][et_pb_row make_equal=\"on\" module_id=\"gestion\" _builder_version=\"4.25.0\" _module_preset=\"default\" width=\"100%\" max_width=\"90%\" locked=\"off\" global_colors_info=\"{}\"][et_pb_column type=\"4_4\" _builder_version=\"4.21.0\" _module_preset=\"default\" global_colors_info=\"{}\"][et_pb_text _builder_version=\"4.25.0\" _module_preset=\"default\" text_font=\"||||||||\" text_text_color=\"#FFFFFF\" header_font=\"|||on|||||\" header_text_color=\"#FFFFFF\" background_enable_color=\"off\" background_layout=\"dark\" module_alignment=\"center\" global_colors_info=\"{}\"]\n<h1>GESTION DE L\u2019H\u00d4PITAL DU VALAIS EN 2023<\/h1>\n<h2>Les limites du syst\u00e8me sont atteintes<\/h2>\n<span>Ce qui s'est dessin\u00e9 ces derni\u00e8res ann\u00e9es est en train de devenir une dure r\u00e9alit\u00e9. L'augmentation rapide des co\u00fbts ne peut plus \u00eatre couverte par les recettes g\u00e9n\u00e9r\u00e9es par l'H\u00f4pital du Valais. Le d\u00e9ficit de CHF 11.3 millions le montre clairement. Cependant, la baisse des ressources g\u00e9n\u00e9r\u00e9es par l'organisation elle-m\u00eame (EBITDAR) pour le financement des investissements actuels et futurs est encore plus alarmante.<\/span>\n<span>L'ann\u00e9e 2023 montre que l'H\u00f4pital du Valais se trouve dans une situation financi\u00e8re tr\u00e8s fragile. La forte hausse de l'inflation sur une p\u00e9riode tr\u00e8s courte, ainsi que l'augmentation massive des co\u00fbts de construction sur les chantiers de Sion et Brigue, placent l'H\u00f4pital du Valais devant des d\u00e9fis financiers extr\u00eamement importants. \u00c0 cela s\u2019ajoutent une p\u00e9nurie de personnel qualifi\u00e9 et une augmentation du nombre de collaborateurs qui quittent l'h\u00f4pital, voire leur profession.<\/span>\n<span>Pour contrer cette \u00e9volution, plusieurs initiatives et r\u00e9flexions ont abouti, \u00e0 l'image de l\u2019initiative sur les soins. En effet, diverses revalorisations salariales ont \u00e9t\u00e9 d\u00e9ploy\u00e9es entre 2022 et 2023.<\/span>\n<span>En 2022, l\u2019H\u00f4pital du Valais a d\u00e9fini plusieurs mesures pour am\u00e9liorer les conditions de travail de son personnel, en \u00e9troite collaboration avec le Canton et les partenaires sociaux (r\u00e9mun\u00e9ration du temps pass\u00e9 \u00e0 se changer sous la forme de cr\u00e9dits de temps forfaitaires et augmentation des salaires du personnel soignant, appliqu\u00e9e \u00e0 partir du 1er juillet 2022). En 2023, les indemnit\u00e9s de piquet et les salaires de base du personnel soignant et m\u00e9dico-technique ont \u00e9t\u00e9 revus \u00e0 la hausse, g\u00e9n\u00e9rant une charge suppl\u00e9mentaire de CHF 7 millions (initiative des soins, financ\u00e9e actuellement par une PIG sp\u00e9cifique). Pour les salaires 2023, le Conseil d\u2019\u00c9tat a d\u00e9cid\u00e9 de supporter l\u2019enti\u00e8ret\u00e9 de l\u2019augmentation de l\u2019IPC pour l\u2019ann\u00e9e 2023, \u00e0 savoir 2.8%, ce qui correspond \u00e0 un montant de CHF 13.4 millions.<\/span>\n<span>Une autre mesure importante est la mise en \u0153uvre progressive de l\u2019initiative des soins par le renforcement des ressources m\u00e9dico-soignantes, mais aussi par le renforcement de postes du personnel de maison et de cuisine, comme ceux des administratifs au sein des centres hospitaliers, afin de soulager les professionnels de la sant\u00e9. Ces mesures expliquent une part importante de l'augmentation des ressources humaines durant l'ann\u00e9e 2023.<\/span>\n<span>Le rench\u00e9rissement a aussi impact\u00e9 d'autres parties des charges de l\u2019HVS. Que ce soit au niveau du mat\u00e9riel, des consommables ou encore de l\u2019\u00e9nergie, de nombreux domaines sont touch\u00e9s, plus ou moins fortement, depuis le d\u00e9but de la crise COVID et la guerre en Ukraine. Les co\u00fbts li\u00e9s \u00e0 l\u2019\u00e9nergie (\u00e9lectricit\u00e9, gaz et chauffage \u00e0 distance) ont par exemple augment\u00e9 de CHF 1.3 millions par rapport \u00e0 2022. Cette augmentation des prix (effet prix estim\u00e9 \u00e0 +20% pour l\u2019\u00e9lectricit\u00e9) a pu \u00eatre en partie absorb\u00e9e par une r\u00e9duction de la consommation de quelque 5%.<\/span>\n<span>Comme attendu, plusieurs hausses des taux d\u2019int\u00e9r\u00eat ont eu lieu en 2023. Ces augmentations ont co\u00fbt\u00e9 environ CHF 1 million en 2023. Avec les appels de fonds suppl\u00e9mentaires qui seront n\u00e9cessaires dans le cadre des projets d\u2019extension durant ces prochaines ann\u00e9es, les charges financi\u00e8res vont continuer \u00e0 augmenter.<\/span>\n<span>Ces diff\u00e9rentes mesures, justifi\u00e9es pour maintenir l'attractivit\u00e9 des professions du secteur de la sant\u00e9, ne sont cependant pas gratuites, comme le montrent clairement les chiffres mentionn\u00e9s. Si nous voulons garantir la qualit\u00e9 et la disponibilit\u00e9 actuelles des soins, il faut aussi, en mati\u00e8re de financement, \u00eatre pr\u00eat \u00e0 mettre \u00e0 disposition les moyens n\u00e9cessaires. Dans ce domaine, tous les acteurs impliqu\u00e9s doivent mener des discussions ouvertes et orient\u00e9es vers des solutions, afin de chercher ensemble des r\u00e9ponses.<\/span>\n\n<span style=\"font-size: 16px;\">Toutes ces \u00e9volutions de co\u00fbts dues au rench\u00e9rissement ne donnent malheureusement pas lieu aujourd'hui \u00e0 une adaptation tarifaire correspondante. Le partenariat tarifaire, bloqu\u00e9 depuis des ann\u00e9es dans certains domaines, s\u2019av\u00e8re \u00eatre un des grands probl\u00e8mes. La proc\u00e9dure de fixation de la valeur du point Tarmed 2017, en cours depuis plusieurs ann\u00e9es, le d\u00e9montre de mani\u00e8re \u00e9clatante. Cette couverture tarifaire insuffisante depuis des ann\u00e9es co\u00fbte actuellement \u00e0 elle seule environ CHF 15 millions par an \u00e0 l'H\u00f4pital du Valais! Et avec le rench\u00e9rissement persistant pr\u00e9vu pour les prochaines ann\u00e9es, ce d\u00e9ficit va encore augmenter - une situation qui n'est plus tenable.<\/span>\n\n\u00c0 ce probl\u00e8me de sous-financement s'ajoute en outre celui, connu depuis des ann\u00e9es, du domaine de la formation et recherche. L\u00e0 aussi, l'H\u00f4pital du Valais doit faire face \u00e0 des co\u00fbts non couverts de plusieurs millions de CHF par an (voir rapport de gestion 2019 - Le financement des activit\u00e9s dites \u00ab d\u2019int\u00e9r\u00eat g\u00e9n\u00e9ral \u00bb \u2013 un v\u00e9ritable d\u00e9fi pour l\u2019H\u00f4pital du Valais \u00e9galement dans ce domaine).\n\nDans ces conditions financi\u00e8res actuelles, l'HVS r\u00e9alise un EBITDAR nettement insuffisant (CHF 21.2 millions soit 2.5% du chiffre d\u2019affaires) pour pouvoir couvrir les investissements ordinaires par des fonds g\u00e9n\u00e9r\u00e9s par l'h\u00f4pital lui-m\u00eame. Il est donc n\u00e9cessaire de s'endetter. Cet \u00e9tat de fait contredit la strat\u00e9gie globale d\u2019investissement de l\u2019HVS. En outre, en raison de l'insuffisance des ressources g\u00e9n\u00e9r\u00e9es par l'organisation elle-m\u00eame suite \u00e0 l'augmentation des co\u00fbts d\u00e9j\u00e0 mentionn\u00e9e et \u00e0 l'insuffisance du financement, il n'a pas \u00e9t\u00e9 possible, pour la premi\u00e8re fois, de proc\u00e9der \u00e0 une affectation au fonds d'investissement du montant planifi\u00e9. Si cela restait un \u00e9v\u00e9nement unique, cela pourrait \u00eatre support\u00e9. Mais si la situation devait perdurer, les fonds propres g\u00e9n\u00e9r\u00e9s depuis 2012 diminueraient drastiquement et la capacit\u00e9 d'investissement de l'H\u00f4pital du Valais serait, par cons\u00e9quent, mise en p\u00e9ril.\n\nLa situation financi\u00e8re d\u00e9j\u00e0 fragile et les perspectives peu r\u00e9jouissantes de l'H\u00f4pital du Valais - comme de nombreux autres h\u00f4pitaux - exigent des mesures rapides et cons\u00e9quentes. L\u2019H\u00f4pital du Valais a d\u00e9j\u00e0 pris des mesures de r\u00e9duction des co\u00fbts et consid\u00e9r\u00e9 des suppressions au niveau des investissements. R\u00e9duire ces investissements sans mettre en p\u00e9ril la mission et la qualit\u00e9 des prestations sera un d\u00e9fi extr\u00eamement d\u00e9licat.\n\nLes h\u00f4pitaux sont pass\u00e9s aux soins intensifs\u2026\n\n[\/et_pb_text][\/et_pb_column][\/et_pb_row][et_pb_row module_id=\"scroll\" _builder_version=\"4.25.0\" _module_preset=\"default\" custom_margin=\"||0px||false|false\" custom_padding=\"||0px||false|false\" locked=\"off\" global_colors_info=\"{}\"][et_pb_column type=\"4_4\" module_id=\"scroll\" _builder_version=\"4.16\" _module_preset=\"default\" global_colors_info=\"{}\"][et_pb_blurb use_icon=\"on\" font_icon=\";||divi||400\" icon_color=\"#FFFFFF\" image_icon_background_color=\"RGBA(0,0,0,0)\" image_icon_width=\"48px\" _builder_version=\"4.25.0\" _module_preset=\"default\" header_text_color=\"#FFFFFF\" header_font_size=\"35px\" image_icon_custom_padding=\"25px|25px|25px|25px|false|false\" custom_margin=\"0px||0px||false|false\" custom_padding=\"0px||0px||false|false\" link_option_url=\"#details\" border_radii_image=\"on|100%|100%|100%|100%\" border_width_all_image=\"3px\" border_color_all_image=\"RGBA(0,0,0,0)\" use_circle=\"on\" use_circle_border=\"on\" circle_border_color=\"RGBA(0,0,0,0)\" circle_color=\"RGBA(0,0,0,0)\" global_colors_info=\"{}\" image_icon_background_color__sticky_enabled=\"#e02b20\" image_icon_background_color__sticky=\"#e02b20\"][\/et_pb_blurb][\/et_pb_column][\/et_pb_row][\/et_pb_section][et_pb_section fb_built=\"1\" module_id=\"details\" _builder_version=\"4.25.0\" _module_preset=\"default\" background_color=\"#E02B20\" background_enable_image=\"off\" background_position=\"top_left\" width=\"100%\" max_width=\"100%\" overflow-x=\"hidden\" overflow-y=\"hidden\" custom_margin=\"0px|0px|0px|0px|false|false\" custom_padding=\"0px|0px|0px|0px|false|false\" top_divider_style=\"slant\" top_divider_color=\"#E02B20\" top_divider_height=\"150px\" top_divider_repeat=\"0x\" top_divider_flip=\"horizontal\" top_divider_arrangement=\"above_content\" bottom_divider_style=\"slant\" bottom_divider_color=\"#E02B20\" bottom_divider_height=\"150px\" bottom_divider_flip=\"horizontal\" bottom_divider_arrangement=\"above_content\" global_colors_info=\"{}\"][et_pb_row column_structure=\"1_3,1_3,1_3\" use_custom_gutter=\"on\" make_equal=\"on\" _builder_version=\"4.25.0\" _module_preset=\"default\" background_color=\"#E02B20\" positioning=\"none\" width=\"100%\" max_width=\"90%\" module_alignment=\"center\" overflow-x=\"hidden\" overflow-y=\"hidden\" custom_margin=\"||||false|false\" custom_padding=\"0px|0px|0px|0px|false|false\" scroll_blur_enable=\"on\" scroll_blur=\"44|44|100|100|10|0|0\" motion_trigger_start=\"top\" global_colors_info=\"{}\" custom_padding__hover_enabled=\"off|desktop\"][et_pb_column type=\"1_3\" _builder_version=\"4.16\" _module_preset=\"default\" background_color=\"#ececeb\" custom_padding=\"0vw||0px||false|false\" global_colors_info=\"{}\"][et_pb_image src=\"https:\/\/rapport.hopitalvs.ch\/wp-content\/uploads\/2024\/05\/Lit-1.jpg\" title_text=\"Lit\" force_fullwidth=\"on\" _builder_version=\"4.25.0\" _module_preset=\"default\" position_origin_a=\"center_left\" module_alignment=\"center\" overflow-x=\"hidden\" overflow-y=\"hidden\" global_colors_info=\"{}\"][\/et_pb_image][et_pb_text _builder_version=\"4.25.0\" _module_preset=\"9b284cb0-31f4-4013-a920-31da778bfd4e\" custom_padding=\"1px|50px|0px|50px|false|false\" global_colors_info=\"{}\"]\n<h2>Activit\u00e9 de l\u2019H\u00f4pital du Valais en 2022<\/h2>\n<ul>\n \t<li>Activit\u00e9 aig\u00fce (stationnaire)<\/li>\n \t<li>Activit\u00e9 chronique (stationnaire)<\/li>\n \t<li>Activit\u00e9 ambulatoire<\/li>\n \t<li>Activit\u00e9 de l'Institut Central des H\u00f4pitaux<\/li>\n<\/ul>\n[\/et_pb_text][et_pb_button button_url=\"@ET-DC@eyJkeW5hbWljIjp0cnVlLCJjb250ZW50IjoicG9zdF9saW5rX3VybF9hdHRhY2htZW50Iiwic2V0dGluZ3MiOnsicG9zdF9pZCI6IjgwMiJ9fQ==@\" url_new_window=\"on\" button_text=\"D\u00e9tails\" _builder_version=\"4.25.0\" _dynamic_attributes=\"button_url\" _module_preset=\"3f730f3e-0a37-424b-9820-246fdb32d57b\" custom_margin=\"20px|50px|80px|50px|false|false\" global_colors_info=\"{}\"][\/et_pb_button][\/et_pb_column][et_pb_column type=\"1_3\" _builder_version=\"4.16\" _module_preset=\"default\" background_color=\"#ececeb\" custom_padding=\"0vw||||false|false\" global_colors_info=\"{}\"][et_pb_image src=\"https:\/\/rapport.hopitalvs.ch\/wp-content\/uploads\/2024\/05\/construction.jpg\" title_text=\"construction\" force_fullwidth=\"on\" _builder_version=\"4.25.0\" _module_preset=\"default\" global_colors_info=\"{}\"][\/et_pb_image][et_pb_text _builder_version=\"4.25.0\" _module_preset=\"9b284cb0-31f4-4013-a920-31da778bfd4e\" global_colors_info=\"{}\"]\n<h2>Projets strat\u00e9giques de construction<\/h2>\nEn 2023, les travaux du CoPil se sont concentr\u00e9s sur les projets concernant les sites de Brigue et de Sion et ont permis d\u2019atteindre les objectifs suivants :\n<ul>\n \t<li>avancement des travaux sur site de Brigue ;<\/li>\n \t<li>avancement des travaux de l\u2019extension de l\u2019h\u00f4pital de Sion.<\/li>\n<\/ul>\n[\/et_pb_text][et_pb_button button_url=\"@ET-DC@eyJkeW5hbWljIjp0cnVlLCJjb250ZW50IjoicG9zdF9saW5rX3VybF9hdHRhY2htZW50Iiwic2V0dGluZ3MiOnsicG9zdF9pZCI6IjgwOCJ9fQ==@\" button_text=\"D\u00e9tails\" _builder_version=\"4.25.0\" _dynamic_attributes=\"button_url\" _module_preset=\"3f730f3e-0a37-424b-9820-246fdb32d57b\" custom_margin=\"20px|50px|80px|50px|false|false\" global_colors_info=\"{}\"][\/et_pb_button][\/et_pb_column][et_pb_column type=\"1_3\" _builder_version=\"4.16\" _module_preset=\"default\" background_color=\"#ececeb\" custom_padding=\"||||false|false\" global_colors_info=\"{}\"][et_pb_image src=\"https:\/\/rapport.hopitalvs.ch\/wp-content\/uploads\/2024\/05\/Comptes-1.jpg\" title_text=\"Comptes\" align=\"center\" force_fullwidth=\"on\" _builder_version=\"4.25.0\" _module_preset=\"default\" transform_scale=\"100%|102%\" transform_scale_linked=\"off\" global_colors_info=\"{}\"][\/et_pb_image][et_pb_text _builder_version=\"4.25.0\" _module_preset=\"9b284cb0-31f4-4013-a920-31da778bfd4e\" global_colors_info=\"{}\"]\n<h2>Comptes 2023<\/h2>\n<ul>\n \t<li>Vue d\u2019ensemble<\/li>\n \t<li>Bilan &amp; chiffres cl\u00e9s<\/li>\n \t<li>Compte de r\u00e9sultat<\/li>\n \t<li>Annexes aux comptes annuels<\/li>\n<\/ul>\n[\/et_pb_text][et_pb_button button_url=\"@ET-DC@eyJkeW5hbWljIjp0cnVlLCJjb250ZW50IjoicG9zdF9saW5rX3VybF9hdHRhY2htZW50Iiwic2V0dGluZ3MiOnsicG9zdF9pZCI6IjgwNiJ9fQ==@\" button_text=\"D\u00e9tails\" _builder_version=\"4.21.0\" _dynamic_attributes=\"button_url\" _module_preset=\"3f730f3e-0a37-424b-9820-246fdb32d57b\" global_colors_info=\"{}\"][\/et_pb_button][\/et_pb_column][\/et_pb_row][\/et_pb_section][et_pb_section fb_built=\"1\" _builder_version=\"4.25.0\" _module_preset=\"default\" background_color=\"#E02B20\" background_enable_image=\"off\" background_position=\"top_left\" width=\"100%\" max_width=\"100%\" overflow-x=\"hidden\" overflow-y=\"hidden\" custom_margin=\"0px|0px|0px|0px|false|false\" custom_padding=\"0px|0px|0px|0px|false|false\" top_divider_style=\"slant\" top_divider_color=\"#E02B20\" top_divider_height=\"150px\" top_divider_repeat=\"0x\" top_divider_flip=\"horizontal\" top_divider_arrangement=\"above_content\" bottom_divider_style=\"slant\" bottom_divider_color=\"#FFFFFF\" bottom_divider_height=\"150px\" bottom_divider_repeat=\"1x\" bottom_divider_flip=\"horizontal\" bottom_divider_arrangement=\"above_content\" global_colors_info=\"{}\"][et_pb_row column_structure=\"1_3,1_3,1_3\" use_custom_gutter=\"on\" make_equal=\"on\" _builder_version=\"4.25.0\" _module_preset=\"default\" background_color=\"#E02B20\" positioning=\"none\" width=\"100%\" max_width=\"90%\" module_alignment=\"center\" overflow-x=\"hidden\" overflow-y=\"hidden\" custom_margin=\"||||false|false\" custom_padding=\"0px|0px|0px|0px|false|false\" global_colors_info=\"{}\" custom_padding__hover_enabled=\"off|desktop\"][et_pb_column type=\"1_3\" _builder_version=\"4.25.0\" _module_preset=\"default\" background_color=\"#ececeb\" custom_padding=\"0px||0px||false|false\" global_colors_info=\"{}\"][et_pb_image src=\"https:\/\/rapport.hopitalvs.ch\/wp-content\/uploads\/2024\/05\/RH-1.jpg\" title_text=\"RH\" align=\"center\" force_fullwidth=\"on\" _builder_version=\"4.25.0\" _module_preset=\"default\" height_tablet=\"830px\" height_phone=\"830px\" height_last_edited=\"on|phone\" custom_padding=\"||||false|false\" global_colors_info=\"{}\"][\/et_pb_image][et_pb_text _builder_version=\"4.16\" _module_preset=\"9b284cb0-31f4-4013-a920-31da778bfd4e\" global_colors_info=\"{}\"]\n<h2>Ressources humaines<\/h2>\n[\/et_pb_text][et_pb_button button_url=\"@ET-DC@eyJkeW5hbWljIjp0cnVlLCJjb250ZW50IjoicG9zdF9saW5rX3VybF9hdHRhY2htZW50Iiwic2V0dGluZ3MiOnsicG9zdF9pZCI6IjgxNCJ9fQ==@\" button_text=\"D\u00e9tails\" _builder_version=\"4.25.0\" _dynamic_attributes=\"button_url\" _module_preset=\"3f730f3e-0a37-424b-9820-246fdb32d57b\" custom_margin=\"|50px|8em|50px|false|false\" custom_padding=\"||0px||false|false\" global_colors_info=\"{}\"][\/et_pb_button][\/et_pb_column][et_pb_column type=\"1_3\" _builder_version=\"4.25.0\" _module_preset=\"default\" background_color=\"#ececeb\" custom_padding=\"0vw||0px||false|false\" global_colors_info=\"{}\"][et_pb_image src=\"https:\/\/rapport.hopitalvs.ch\/wp-content\/uploads\/2024\/05\/Responsables-1.jpg\" title_text=\"Responsables\" force_fullwidth=\"on\" _builder_version=\"4.25.0\" _module_preset=\"default\" custom_margin=\"||||false|false\" global_colors_info=\"{}\"][\/et_pb_image][et_pb_text _builder_version=\"4.25.0\" _module_preset=\"9b284cb0-31f4-4013-a920-31da778bfd4e\" global_colors_info=\"{}\"]\n<h2>Les personnes responsables<\/h2>\n[\/et_pb_text][et_pb_button button_url=\"@ET-DC@eyJkeW5hbWljIjp0cnVlLCJjb250ZW50IjoicG9zdF9saW5rX3VybF9hdHRhY2htZW50Iiwic2V0dGluZ3MiOnsicG9zdF9pZCI6IjgxMiJ9fQ==@\" button_text=\"D\u00e9tails\" _builder_version=\"4.25.0\" _dynamic_attributes=\"button_url\" _module_preset=\"3f730f3e-0a37-424b-9820-246fdb32d57b\" custom_margin=\"|50px|8em|50px|false|false\" custom_padding=\"||0px||false|false\" global_colors_info=\"{}\"][\/et_pb_button][\/et_pb_column][et_pb_column type=\"1_3\" _builder_version=\"4.25.0\" _module_preset=\"default\" background_color=\"RGBA(255,255,255,0)\" custom_padding=\"0vw||0px||false|false\" global_colors_info=\"{}\"][\/et_pb_column][\/et_pb_row][\/et_pb_section]","_et_gb_content_width":"","footnotes":""},"class_list":["post-822","page","type-page","status-publish","hentry"],"_links":{"self":[{"href":"https:\/\/rapport.hopitalvs.ch\/de\/wp-json\/wp\/v2\/pages\/822","targetHints":{"allow":["GET"]}}],"collection":[{"href":"https:\/\/rapport.hopitalvs.ch\/de\/wp-json\/wp\/v2\/pages"}],"about":[{"href":"https:\/\/rapport.hopitalvs.ch\/de\/wp-json\/wp\/v2\/types\/page"}],"author":[{"embeddable":true,"href":"https:\/\/rapport.hopitalvs.ch\/de\/wp-json\/wp\/v2\/users\/1"}],"replies":[{"embeddable":true,"href":"https:\/\/rapport.hopitalvs.ch\/de\/wp-json\/wp\/v2\/comments?post=822"}],"version-history":[{"count":7,"href":"https:\/\/rapport.hopitalvs.ch\/de\/wp-json\/wp\/v2\/pages\/822\/revisions"}],"predecessor-version":[{"id":866,"href":"https:\/\/rapport.hopitalvs.ch\/de\/wp-json\/wp\/v2\/pages\/822\/revisions\/866"}],"wp:attachment":[{"href":"https:\/\/rapport.hopitalvs.ch\/de\/wp-json\/wp\/v2\/media?parent=822"}],"curies":[{"name":"wp","href":"https:\/\/api.w.org\/{rel}","templated":true}]}}